{"id":91,"date":"2022-09-22T17:10:26","date_gmt":"2022-09-22T23:10:26","guid":{"rendered":"https:\/\/iag.org.gt\/simposio-iag-2022\/?page_id=91"},"modified":"2022-12-22T12:11:02","modified_gmt":"2022-12-22T18:11:02","slug":"simposio-guatemalteco-de-pavimentos-asfalticos-2022","status":"publish","type":"page","link":"https:\/\/iag.org.gt\/simposio-iag-2022\/","title":{"rendered":"Simposio Guatemalteco de Pavimentos Asf\u00e1lticos 2022"},"content":{"rendered":"\n<div class=\"wp-block-group alignfull mb-0\"><div class=\"wp-block-group__inner-container is-layout-flow wp-block-group-is-layout-flow\">\n<div class=\"wp-block-columns alignfull is-layout-flex wp-container-core-columns-is-layout-f5e77106 wp-block-columns-is-layout-flex\" style=\"padding-top:0px;padding-right:0px;padding-bottom:0px;padding-left:0px\">\n<div class=\"wp-block-column has-primary-background-color has-background is-layout-flow wp-block-column-is-layout-flow\" style=\"padding-top:0px;padding-right:0px;padding-bottom:0px;padding-left:0px\">\n<div class=\"wp-block-coblocks-hero alignfull coblocks-hero-82217844328 topdesktop coblocks-animate mb-0 mt-0\" data-coblocks-animation=\"slideInBottom\"><div class=\"wp-block-coblocks-hero__inner bg-cover has-background-image bg-no-repeat bg-center-center hero-center-left-align has-padding has-left-content\" style=\"background-image:url(https:\/\/iag.org.gt\/simposio-iag-2022\/wp-content\/uploads\/2022\/11\/PATROCINADORES-7.png);background-position:50% 49%;min-height:510px\"><div class=\"wp-block-coblocks-hero__content-wrapper\"><div class=\"wp-block-coblocks-hero__content\" style=\"max-width:400px\">\n<h2 class=\"wp-block-heading\"><\/h2>\n\n\n\n<p><\/p>\n\n\n\n<div class=\"wp-block-buttons is-layout-flex wp-block-buttons-is-layout-flex\">\n\n<\/div>\n<\/div><\/div><\/div><\/div>\n\n\n\n<div class=\"wp-block-columns is-layout-flex wp-container-core-columns-is-layout-9d6595d7 wp-block-columns-is-layout-flex\">\n<div class=\"wp-block-column is-layout-flow wp-block-column-is-layout-flow\" style=\"flex-basis:100%\">\n<div class=\"wp-block-columns is-layout-flex wp-container-core-columns-is-layout-9d6595d7 wp-block-columns-is-layout-flex\">\n<div class=\"wp-block-column is-layout-flow wp-block-column-is-layout-flow\" style=\"padding-top:0px;padding-right:0px;padding-bottom:0px;padding-left:0px\">\n<div style=\"height:50px\" aria-hidden=\"true\" class=\"wp-block-spacer mb-0 mt-0\"><\/div>\n\n\n\n<div class=\"wp-block-buttons is-content-justification-center is-layout-flex wp-container-core-buttons-is-layout-16018d1d wp-block-buttons-is-layout-flex\">\n<div class=\"wp-block-button aligncenter is-style-outline coblocks-animate is-style-outline--2\" data-coblocks-animation=\"slideInBottom\"><a class=\"wp-block-button__link has-quaternary-color has-text-color wp-element-button\" href=\"#separte\" style=\"border-radius:10px\">!quiero participar\u00a1<\/a><\/div>\n<\/div>\n\n\n\n<div style=\"height:50px\" aria-hidden=\"true\" class=\"wp-block-spacer mb-0 mt-0\"><\/div>\n\n\n\n<div class=\"wp-block-buttons is-content-justification-center is-layout-flex wp-container-core-buttons-is-layout-16018d1d wp-block-buttons-is-layout-flex\">\n<div class=\"wp-block-button aligncenter is-style-outline coblocks-animate is-style-outline--3\" data-coblocks-animation=\"slideInBottom\"><a class=\"wp-block-button__link has-quaternary-color has-text-color wp-element-button\" href=\"#patrocinio\" style=\"border-radius:10px\">PATROCINIOS <\/a><\/div>\n<\/div>\n\n\n\n<div style=\"height:50px\" aria-hidden=\"true\" class=\"wp-block-spacer mb-0 mt-0\"><\/div>\n<\/div>\n<\/div>\n\n\n\n<div class=\"wp-block-coblocks-hero alignfull coblocks-hero-82217844328 coblocks-animate mb-0 mt-0\" data-coblocks-animation=\"fadeIn\"><div class=\"wp-block-coblocks-hero__inner bg-cover has-background-image bg-no-repeat bg-center-center hero-center-center-align has-padding has-center-content\" style=\"background-image:url(https:\/\/iag.org.gt\/simposio-iag-2022\/wp-content\/uploads\/2022\/09\/Untitled-design-9.png);background-position:50% 50%;min-height:600px\"><div class=\"wp-block-coblocks-hero__content-wrapper\"><div class=\"wp-block-coblocks-hero__content\" style=\"max-width:723px\">\n<div style=\"height:150px\" aria-hidden=\"true\" id=\"separte\" class=\"wp-block-spacer mb-0 mt-0\"><\/div>\n\n\n\n<h3 class=\"has-quaternary-color has-text-color coblocks-animate wp-block-heading\" data-coblocks-animation=\"slideInLeft\">\u00a1Forma parte del Simposio IAG!<\/h3>\n\n\n\n<h5 class=\"has-secondary-color has-text-color coblocks-animate wp-block-heading\" data-coblocks-animation=\"slideInRight\">Descubre las \u00faltimas <strong>tendencias de la industria de los pavimentos<\/strong> asf\u00e1lticos y con\u00e9ctate con profesionales del gremio.<\/h5>\n\n\n\n<div style=\"height:10px\" aria-hidden=\"true\" class=\"wp-block-spacer\"><\/div>\n\n\n\n<h4 class=\"has-text-color coblocks-animate wp-block-heading\" style=\"color:#e7e7e7\" data-coblocks-animation=\"slideInBottom\"><em>jueves <strong>01 de diciembr<\/strong>e 2022<\/em><\/h4>\n\n\n\n<div class=\"wp-block-buttons is-content-justification-center is-layout-flex wp-container-core-buttons-is-layout-16018d1d wp-block-buttons-is-layout-flex\">\n<div class=\"wp-block-button is-style-outline is-style-outline--4\"><a class=\"wp-block-button__link has-secondary-color has-text-color wp-element-button\" href=\"#reserva-ya\" style=\"border-radius:10px\">reserva<\/a><\/div>\n\n\n\n<div class=\"wp-block-button is-style-outline is-style-outline--5\"><a class=\"wp-block-button__link has-secondary-color has-text-color wp-element-button\" href=\"#expositores-01\" style=\"border-radius:10px\">expositores<\/a><\/div>\n\n\n\n<div class=\"wp-block-button is-style-outline is-style-outline--6\"><a class=\"wp-block-button__link has-secondary-color has-text-color wp-element-button\" href=\"#Agenda\" style=\"border-radius:10px\">Agenda<\/a><\/div>\n\n\n\n<div class=\"wp-block-button is-style-outline is-style-outline--7\"><a class=\"wp-block-button__link has-secondary-color has-text-color wp-element-button\" href=\"#lugaryubicacion\" style=\"border-radius:10px\">ubicaci\u00f3n<\/a><\/div>\n<\/div>\n\n\n\n<div style=\"height:210px\" aria-hidden=\"true\" class=\"wp-block-spacer\"><\/div>\n<\/div><\/div><\/div><\/div>\n\n\n\n<div class=\"wp-block-coblocks-hero alignfull coblocks-hero-82217844328 coblocks-animate mb-0 mt-0\" data-coblocks-animation=\"fadeIn\"><div class=\"wp-block-coblocks-hero__inner bg-cover has-background-image bg-no-repeat bg-center-center hero-center-center-align has-padding has-center-content\" style=\"background-image:url(https:\/\/iag.org.gt\/simposio-iag-2022\/wp-content\/uploads\/2022\/09\/Untitled-design-9.png);background-position:50% 50%;min-height:600px\"><div class=\"wp-block-coblocks-hero__content-wrapper\"><div class=\"wp-block-coblocks-hero__content\" style=\"max-width:723px\">\n<div style=\"height:100px\" aria-hidden=\"true\" id=\"patrocinio\" class=\"wp-block-spacer mb-0 mt-0\"><\/div>\n\n\n\n<h3 class=\"has-quaternary-color has-text-color coblocks-animate wp-block-heading\" data-coblocks-animation=\"slideInLeft\">PATROCINIOS <\/h3>\n\n\n\n<h5 class=\"has-quaternary-color has-text-color coblocks-animate wp-block-heading\" data-coblocks-animation=\"slideInLeft\">\u00bfQuieres formar parte del Simposio Guatemalteco de Pavimentos Asf\u00e1lticos como patrocinador oficial ? <\/h5>\n\n\n\n<div class=\"wp-block-coblocks-row coblocks-row-919145513676\" data-columns=\"1\" data-layout=\"100\"><div class=\"wp-block-coblocks-row__inner has-no-padding has-no-margin is-stacked-on-mobile has-medium-gutter\">\n<div class=\"wp-block-coblocks-column coblocks-column-91914571952\" style=\"width:100%\"><div class=\"wp-block-coblocks-column__inner has-no-padding has-no-margin\">\n<div class=\"wp-block-columns is-layout-flex wp-container-core-columns-is-layout-9d6595d7 wp-block-columns-is-layout-flex\">\n<div class=\"wp-block-column is-layout-flow wp-block-column-is-layout-flow\">\n<figure class=\"wp-block-image size-large coblocks-animate\" data-coblocks-animation=\"fadeIn\"><img data-recalc-dims=\"1\" loading=\"lazy\" decoding=\"async\" width=\"660\" height=\"660\" src=\"https:\/\/i0.wp.com\/iag.org.gt\/simposio-iag-2022\/wp-content\/uploads\/2022\/10\/Mi-proyecto-5.png?resize=660%2C660&#038;ssl=1\" alt=\"\" class=\"wp-image-876\" srcset=\"https:\/\/i0.wp.com\/iag.org.gt\/simposio-iag-2022\/wp-content\/uploads\/2022\/10\/Mi-proyecto-5.png?resize=1024%2C1024&amp;ssl=1 1024w, https:\/\/i0.wp.com\/iag.org.gt\/simposio-iag-2022\/wp-content\/uploads\/2022\/10\/Mi-proyecto-5.png?resize=300%2C300&amp;ssl=1 300w, https:\/\/i0.wp.com\/iag.org.gt\/simposio-iag-2022\/wp-content\/uploads\/2022\/10\/Mi-proyecto-5.png?resize=150%2C150&amp;ssl=1 150w, https:\/\/i0.wp.com\/iag.org.gt\/simposio-iag-2022\/wp-content\/uploads\/2022\/10\/Mi-proyecto-5.png?resize=768%2C768&amp;ssl=1 768w, https:\/\/i0.wp.com\/iag.org.gt\/simposio-iag-2022\/wp-content\/uploads\/2022\/10\/Mi-proyecto-5.png?w=1080&amp;ssl=1 1080w\" sizes=\"auto, (max-width: 660px) 100vw, 660px\" \/><figcaption class=\"wp-element-caption\">       <\/figcaption><\/figure>\n\n\n\n<p class=\"has-text-align-center has-quaternary-color has-text-color has-arial-font-family coblocks-animate has-custom-font has-custom-weight\" style=\"font-size:17px;font-family:Arial;font-weight:bold\" data-coblocks-animation=\"zoomIn\"><strong><mark style=\"background-color:rgba(0, 0, 0, 0)\" class=\"has-inline-color has-quaternary-color\">$ 1,500.00<\/mark><\/strong><\/p>\n<\/div>\n\n\n\n<div class=\"wp-block-column is-layout-flow wp-block-column-is-layout-flow\">\n<figure class=\"wp-block-image size-large coblocks-animate\" data-coblocks-animation=\"fadeIn\"><img data-recalc-dims=\"1\" loading=\"lazy\" decoding=\"async\" width=\"660\" height=\"660\" src=\"https:\/\/i0.wp.com\/iag.org.gt\/simposio-iag-2022\/wp-content\/uploads\/2022\/10\/Mi-proyecto-2-2.png?resize=660%2C660&#038;ssl=1\" alt=\"\" class=\"wp-image-879\" srcset=\"https:\/\/i0.wp.com\/iag.org.gt\/simposio-iag-2022\/wp-content\/uploads\/2022\/10\/Mi-proyecto-2-2.png?resize=1024%2C1024&amp;ssl=1 1024w, https:\/\/i0.wp.com\/iag.org.gt\/simposio-iag-2022\/wp-content\/uploads\/2022\/10\/Mi-proyecto-2-2.png?resize=300%2C300&amp;ssl=1 300w, https:\/\/i0.wp.com\/iag.org.gt\/simposio-iag-2022\/wp-content\/uploads\/2022\/10\/Mi-proyecto-2-2.png?resize=150%2C150&amp;ssl=1 150w, https:\/\/i0.wp.com\/iag.org.gt\/simposio-iag-2022\/wp-content\/uploads\/2022\/10\/Mi-proyecto-2-2.png?resize=768%2C768&amp;ssl=1 768w, https:\/\/i0.wp.com\/iag.org.gt\/simposio-iag-2022\/wp-content\/uploads\/2022\/10\/Mi-proyecto-2-2.png?w=1080&amp;ssl=1 1080w\" sizes=\"auto, (max-width: 660px) 100vw, 660px\" \/><figcaption class=\"wp-element-caption\">       <\/figcaption><\/figure>\n\n\n\n<p class=\"has-quaternary-color has-text-color has-arial-font-family coblocks-animate has-custom-font has-custom-weight\" style=\"font-size:17px;font-family:Arial;font-weight:bold\" data-coblocks-animation=\"zoomIn\"><strong><mark style=\"background-color:rgba(0, 0, 0, 0)\" class=\"has-inline-color has-quaternary-color\">$ 1,000.00<\/mark><\/strong><\/p>\n<\/div>\n\n\n\n<div class=\"wp-block-column is-layout-flow wp-block-column-is-layout-flow\">\n<figure class=\"wp-block-image size-large coblocks-animate\" data-coblocks-animation=\"fadeIn\"><img data-recalc-dims=\"1\" loading=\"lazy\" decoding=\"async\" width=\"660\" height=\"660\" src=\"https:\/\/i0.wp.com\/iag.org.gt\/simposio-iag-2022\/wp-content\/uploads\/2022\/10\/Mi-proyecto-1-4.png?resize=660%2C660&#038;ssl=1\" alt=\"\" class=\"wp-image-880\" srcset=\"https:\/\/i0.wp.com\/iag.org.gt\/simposio-iag-2022\/wp-content\/uploads\/2022\/10\/Mi-proyecto-1-4.png?resize=1024%2C1024&amp;ssl=1 1024w, https:\/\/i0.wp.com\/iag.org.gt\/simposio-iag-2022\/wp-content\/uploads\/2022\/10\/Mi-proyecto-1-4.png?resize=300%2C300&amp;ssl=1 300w, https:\/\/i0.wp.com\/iag.org.gt\/simposio-iag-2022\/wp-content\/uploads\/2022\/10\/Mi-proyecto-1-4.png?resize=150%2C150&amp;ssl=1 150w, https:\/\/i0.wp.com\/iag.org.gt\/simposio-iag-2022\/wp-content\/uploads\/2022\/10\/Mi-proyecto-1-4.png?resize=768%2C768&amp;ssl=1 768w, https:\/\/i0.wp.com\/iag.org.gt\/simposio-iag-2022\/wp-content\/uploads\/2022\/10\/Mi-proyecto-1-4.png?w=1080&amp;ssl=1 1080w\" sizes=\"auto, (max-width: 660px) 100vw, 660px\" \/><figcaption class=\"wp-element-caption\">        <\/figcaption><\/figure>\n\n\n\n<p class=\"has-arial-font-family coblocks-animate has-custom-font has-custom-weight\" style=\"font-size:17px;font-family:Arial;font-weight:bold\" data-coblocks-animation=\"zoomIn\"><strong><mark style=\"background-color:rgba(0, 0, 0, 0)\" class=\"has-inline-color has-quaternary-color\">$ 500.00<\/mark><\/strong><\/p>\n<\/div>\n<\/div>\n<\/div><\/div>\n<\/div><\/div>\n\n\n\n<h5 class=\"has-secondary-color has-text-color coblocks-animate wp-block-heading\" data-coblocks-animation=\"slideInRight\">Solicita mayor informaci\u00f3n al correo:<\/h5>\n\n\n\n<h6 class=\"has-tertiary-color has-text-color coblocks-animate wp-block-heading\" data-coblocks-animation=\"slideInRight\">info@iag.org.gt <\/h6>\n\n\n\n<div style=\"height:100px\" aria-hidden=\"true\" id=\"separte\" class=\"wp-block-spacer mb-0 mt-0\"><\/div>\n\n\n\n<p><\/p>\n\n\n\n<div style=\"height:10px\" aria-hidden=\"true\" class=\"wp-block-spacer\"><\/div>\n<\/div><\/div><\/div><\/div>\n\n\n\n<div class=\"wp-block-cover alignfull is-light has-parallax mb-0 mt-0\"><span aria-hidden=\"true\" class=\"wp-block-cover__background has-background-dim-10 has-background-dim\"><\/span><div role=\"img\" class=\"wp-block-cover__image-background wp-image-713 has-parallax\" style=\"background-position:50% 50%;background-image:url(https:\/\/iag.org.gt\/simposio-iag-2022\/wp-content\/uploads\/2022\/10\/Untitled-design-15.png)\"><\/div><div class=\"wp-block-cover__inner-container is-layout-flow wp-block-cover-is-layout-flow\">\n<div class=\"wp-block-group alignfull\"><div class=\"wp-block-group__inner-container is-layout-flow wp-block-group-is-layout-flow\">\n<div class=\"wp-block-columns alignfull is-layout-flex wp-container-core-columns-is-layout-9d6595d7 wp-block-columns-is-layout-flex\">\n<div class=\"wp-block-column is-layout-flow wp-block-column-is-layout-flow\">\n<div class=\"wp-block-columns alignfull is-layout-flex wp-container-core-columns-is-layout-9d6595d7 wp-block-columns-is-layout-flex\">\n<div class=\"wp-block-column is-layout-flow wp-block-column-is-layout-flow\">\n<div style=\"height:10px\" aria-hidden=\"true\" class=\"wp-block-spacer mb-0 mt-0\"><\/div>\n\n\n\n<h2 class=\"has-text-align-center has-secondary-color has-text-color coblocks-animate wp-block-heading\" data-coblocks-animation=\"zoomIn\">SIMPOSIO GUATEMALTECO DE PAVIMENTOS ASF\u00c1LTICOS <\/h2>\n\n\n\n<h4 class=\"has-text-align-center has-tertiary-color has-text-color coblocks-animate wp-block-heading\" data-coblocks-animation=\"slideInBottom\"><strong>\u00a1Te extendemos la cordial invitaci\u00f3n a que formes parte de tan prestigioso evento de la industria de los pavimentos asf\u00e1lticos<\/strong>!<\/h4>\n\n\n\n<div style=\"height:1px\" aria-hidden=\"true\" class=\"wp-block-spacer\"><\/div>\n\n\n\n<div class=\"wp-block-columns alignfull are-vertically-aligned-center is-layout-flex wp-container-core-columns-is-layout-0f690aae wp-block-columns-is-layout-flex\" style=\"padding-top:0px;padding-right:0px;padding-bottom:0px;padding-left:0px\">\n<div class=\"wp-block-column is-vertically-aligned-center has-background coblocks-animate is-layout-flow wp-block-column-is-layout-flow\" style=\"background-color:#0000004f;padding-top:20px;padding-right:10px;padding-bottom:20px;padding-left:10px\" data-coblocks-animation=\"slideInLeft\">\n<h3 class=\"has-text-align-center has-secondary-color has-text-color wp-block-heading\">Presentaci\u00f3n<\/h3>\n\n\n\n<p><\/p>\n\n\n\n<h6 class=\"has-text-align-left has-quaternary-color has-text-color wp-block-heading\" style=\"font-style:normal;font-weight:400\">El <strong>Simposio Guatemalteco&nbsp;de Pavimentos Asf\u00e1lticos<\/strong>&nbsp; es un evento que re\u00fane a profesionales, estudiantes y t\u00e9cnicos que se desempe\u00f1an en la industria de los asfaltos y sus derivados, fomentando as\u00ed el uso de nuevas tecnolog\u00edas aplicables a pavimentos; es una gran oportunidad para conocer y promover la interacci\u00f3n t\u00e9cnico-comercial entre empresas y profesionales, donde se conocer\u00e1n las nuevas tendencias de la industria de los pavimentos asf\u00e1lticos y sus derivados.<\/h6>\n\n\n\n<p><\/p>\n\n\n\n<div style=\"height:10px\" aria-hidden=\"true\" class=\"wp-block-spacer\"><\/div>\n\n\n\n<div class=\"wp-block-buttons is-layout-flex wp-block-buttons-is-layout-flex\"><\/div>\n<\/div>\n\n\n\n<div class=\"wp-block-column is-vertically-aligned-center has-background coblocks-animate is-layout-flow wp-block-column-is-layout-flow\" style=\"background-color:#0000004f;padding-top:20px;padding-right:10px;padding-bottom:20px;padding-left:10px\" data-coblocks-animation=\"slideInBottom\">\n<h3 class=\"has-text-align-center has-secondary-color has-text-color wp-block-heading\">Objetivo<\/h3>\n\n\n\n<p><\/p>\n\n\n\n<h6 class=\"has-text-align-left has-quaternary-color has-text-color wp-block-heading\" style=\"font-style:normal;font-weight:400\">Dar a conocer, difundir y fomentar las buenas pr\u00e1cticas y el buen uso y aplicaci\u00f3n de los asfaltos y derivados  en la infraestructura vial nacional, para lograr proyectos sostenibles y sustentables.<\/h6>\n\n\n\n<p><\/p>\n\n\n\n<p><\/p>\n\n\n\n<p><\/p>\n\n\n\n<p><\/p>\n\n\n\n<p><\/p>\n\n\n\n<p><\/p>\n\n\n\n<p><\/p>\n\n\n\n<div style=\"height:10px\" aria-hidden=\"true\" class=\"wp-block-spacer\"><\/div>\n\n\n\n<div class=\"wp-block-buttons is-layout-flex wp-block-buttons-is-layout-flex\"><\/div>\n<\/div>\n\n\n\n<div class=\"wp-block-column is-vertically-aligned-center has-background coblocks-animate is-layout-flow wp-block-column-is-layout-flow\" style=\"background-color:#0000004f;padding-top:20px;padding-right:10px;padding-bottom:20px;padding-left:10px\" data-coblocks-animation=\"slideInRight\">\n<h3 class=\"has-text-align-center has-secondary-color has-text-color wp-block-heading\">Dirigido a<\/h3>\n\n\n\n<p><\/p>\n\n\n\n<h6 class=\"has-text-align-left has-quaternary-color has-text-color wp-block-heading\" style=\"font-style:normal;font-weight:400\">Funcionarios de organismos gubernamentales, directivos de empresas privadas, responsables de la conservaci\u00f3n y desarrollo de las carreteras; al personal t\u00e9cnico involucrado en la planeaci\u00f3n, programaci\u00f3n, ejecuci\u00f3n y supervisi\u00f3n de obras viales; a profesores universitarios, investigadores y estudiantes de ingenier\u00eda interesados en profundizar en las nuevas herramientas para optimizar el dise\u00f1o, construcci\u00f3n, mantenimiento y rehabilitaci\u00f3n de los proyectos viales del pa\u00eds, obteniendo una mayor vida \u00fatil del pavimento que a su vez sea amigable con el medio ambiente.<\/h6>\n\n\n\n<div style=\"height:10px\" aria-hidden=\"true\" class=\"wp-block-spacer\"><\/div>\n\n\n\n<div class=\"wp-block-buttons is-layout-flex wp-block-buttons-is-layout-flex\"><\/div>\n<\/div>\n<\/div>\n<\/div>\n<\/div>\n<\/div>\n<\/div>\n<\/div><\/div>\n\n\n\n<div style=\"height:100px\" aria-hidden=\"true\" class=\"wp-block-spacer\"><\/div>\n<\/div><\/div>\n\n\n\n<div class=\"wp-block-cover alignfull is-light has-parallax mb-0 mt-0\" style=\"min-height:557px;aspect-ratio:unset;\" id=\"reserva-ya\"><span aria-hidden=\"true\" class=\"wp-block-cover__background has-background-dim-10 has-background-dim\"><\/span><div role=\"img\" class=\"wp-block-cover__image-background wp-image-582 has-parallax\" style=\"background-position:50% 50%;background-image:url(https:\/\/iag.org.gt\/simposio-iag-2022\/wp-content\/uploads\/2022\/09\/Untitled-design-8.png)\"><\/div><div class=\"wp-block-cover__inner-container is-layout-flow wp-block-cover-is-layout-flow\">\n<div class=\"wp-block-group alignfull\"><div class=\"wp-block-group__inner-container is-layout-flow wp-block-group-is-layout-flow\">\n<div class=\"wp-block-columns alignfull is-layout-flex wp-container-core-columns-is-layout-9d6595d7 wp-block-columns-is-layout-flex\">\n<div class=\"wp-block-column is-layout-flow wp-block-column-is-layout-flow\">\n<div class=\"wp-block-columns alignfull is-layout-flex wp-container-core-columns-is-layout-9d6595d7 wp-block-columns-is-layout-flex\">\n<div class=\"wp-block-column is-layout-flow wp-block-column-is-layout-flow\">\n<div style=\"height:50px\" aria-hidden=\"true\" class=\"wp-block-spacer mb-0 mt-0\"><\/div>\n\n\n\n<div style=\"height:0px\" aria-hidden=\"true\" class=\"wp-block-spacer\"><\/div>\n\n\n\n<div style=\"height:0px\" aria-hidden=\"true\" class=\"wp-block-spacer\"><\/div>\n\n\n\n<div style=\"height:0px\" aria-hidden=\"true\" class=\"wp-block-spacer\"><\/div>\n\n\n\n<div class=\"wp-block-columns alignfull are-vertically-aligned-center is-layout-flex wp-container-core-columns-is-layout-0f690aae wp-block-columns-is-layout-flex\" style=\"padding-top:0px;padding-right:0px;padding-bottom:0px;padding-left:0px\">\n<div class=\"wp-block-column is-layout-flow wp-block-column-is-layout-flow\">\n<figure class=\"wp-block-image size-large coblocks-animate\" data-coblocks-animation=\"slideInBottom\"><img data-recalc-dims=\"1\" loading=\"lazy\" decoding=\"async\" width=\"660\" height=\"660\" src=\"https:\/\/i0.wp.com\/iag.org.gt\/simposio-iag-2022\/wp-content\/uploads\/2022\/11\/SIMPOSIO-EXPOSITORES-8.png?resize=660%2C660&#038;ssl=1\" alt=\"\" class=\"wp-image-937\" srcset=\"https:\/\/i0.wp.com\/iag.org.gt\/simposio-iag-2022\/wp-content\/uploads\/2022\/11\/SIMPOSIO-EXPOSITORES-8.png?resize=1024%2C1024&amp;ssl=1 1024w, https:\/\/i0.wp.com\/iag.org.gt\/simposio-iag-2022\/wp-content\/uploads\/2022\/11\/SIMPOSIO-EXPOSITORES-8.png?resize=300%2C300&amp;ssl=1 300w, https:\/\/i0.wp.com\/iag.org.gt\/simposio-iag-2022\/wp-content\/uploads\/2022\/11\/SIMPOSIO-EXPOSITORES-8.png?resize=150%2C150&amp;ssl=1 150w, https:\/\/i0.wp.com\/iag.org.gt\/simposio-iag-2022\/wp-content\/uploads\/2022\/11\/SIMPOSIO-EXPOSITORES-8.png?resize=768%2C768&amp;ssl=1 768w, https:\/\/i0.wp.com\/iag.org.gt\/simposio-iag-2022\/wp-content\/uploads\/2022\/11\/SIMPOSIO-EXPOSITORES-8.png?w=1080&amp;ssl=1 1080w\" sizes=\"auto, (max-width: 660px) 100vw, 660px\" \/><\/figure>\n<\/div>\n\n\n\n<div class=\"wp-block-column is-layout-flow wp-block-column-is-layout-flow\">\n<figure class=\"wp-block-image size-large coblocks-animate\" data-coblocks-animation=\"slideInBottom\"><img data-recalc-dims=\"1\" loading=\"lazy\" decoding=\"async\" width=\"660\" height=\"660\" src=\"https:\/\/i0.wp.com\/iag.org.gt\/simposio-iag-2022\/wp-content\/uploads\/2022\/11\/4.png?resize=660%2C660&#038;ssl=1\" alt=\"\" class=\"wp-image-938\" srcset=\"https:\/\/i0.wp.com\/iag.org.gt\/simposio-iag-2022\/wp-content\/uploads\/2022\/11\/4.png?resize=1024%2C1024&amp;ssl=1 1024w, https:\/\/i0.wp.com\/iag.org.gt\/simposio-iag-2022\/wp-content\/uploads\/2022\/11\/4.png?resize=300%2C300&amp;ssl=1 300w, https:\/\/i0.wp.com\/iag.org.gt\/simposio-iag-2022\/wp-content\/uploads\/2022\/11\/4.png?resize=150%2C150&amp;ssl=1 150w, https:\/\/i0.wp.com\/iag.org.gt\/simposio-iag-2022\/wp-content\/uploads\/2022\/11\/4.png?resize=768%2C768&amp;ssl=1 768w, https:\/\/i0.wp.com\/iag.org.gt\/simposio-iag-2022\/wp-content\/uploads\/2022\/11\/4.png?w=1080&amp;ssl=1 1080w\" sizes=\"auto, (max-width: 660px) 100vw, 660px\" \/><\/figure>\n<\/div>\n\n\n\n<div class=\"wp-block-column is-layout-flow wp-block-column-is-layout-flow\">\n<figure class=\"wp-block-image size-large coblocks-animate\" data-coblocks-animation=\"slideInBottom\"><img data-recalc-dims=\"1\" loading=\"lazy\" decoding=\"async\" width=\"660\" height=\"660\" src=\"https:\/\/i0.wp.com\/iag.org.gt\/simposio-iag-2022\/wp-content\/uploads\/2022\/11\/3.png?resize=660%2C660&#038;ssl=1\" alt=\"\" class=\"wp-image-939\" srcset=\"https:\/\/i0.wp.com\/iag.org.gt\/simposio-iag-2022\/wp-content\/uploads\/2022\/11\/3.png?resize=1024%2C1024&amp;ssl=1 1024w, https:\/\/i0.wp.com\/iag.org.gt\/simposio-iag-2022\/wp-content\/uploads\/2022\/11\/3.png?resize=300%2C300&amp;ssl=1 300w, https:\/\/i0.wp.com\/iag.org.gt\/simposio-iag-2022\/wp-content\/uploads\/2022\/11\/3.png?resize=150%2C150&amp;ssl=1 150w, https:\/\/i0.wp.com\/iag.org.gt\/simposio-iag-2022\/wp-content\/uploads\/2022\/11\/3.png?resize=768%2C768&amp;ssl=1 768w, https:\/\/i0.wp.com\/iag.org.gt\/simposio-iag-2022\/wp-content\/uploads\/2022\/11\/3.png?w=1080&amp;ssl=1 1080w\" sizes=\"auto, (max-width: 660px) 100vw, 660px\" \/><\/figure>\n<\/div>\n<\/div>\n<\/div>\n<\/div>\n<\/div>\n<\/div>\n<\/div><\/div>\n\n\n\n<div class=\"wp-block-columns is-layout-flex wp-container-core-columns-is-layout-9d6595d7 wp-block-columns-is-layout-flex\">\n<div class=\"wp-block-column is-layout-flow wp-block-column-is-layout-flow\" style=\"flex-basis:33.34%\"><\/div>\n\n\n\n<div class=\"wp-block-column is-layout-flow wp-block-column-is-layout-flow\" style=\"flex-basis:33.34%\"><\/div>\n\n\n\n<div class=\"wp-block-column is-layout-flow wp-block-column-is-layout-flow\" style=\"flex-basis:33.33%\"><\/div>\n<\/div>\n<\/div><\/div>\n\n\n\n<div class=\"wp-block-cover alignfull is-light has-parallax mb-0 mt-0\" style=\"min-height:733px;aspect-ratio:unset;\" id=\"reserva-ya\"><span aria-hidden=\"true\" class=\"wp-block-cover__background has-background-dim-10 has-background-dim\"><\/span><div role=\"img\" class=\"wp-block-cover__image-background wp-image-582 has-parallax\" style=\"background-position:50% 50%;background-image:url(https:\/\/iag.org.gt\/simposio-iag-2022\/wp-content\/uploads\/2022\/09\/Untitled-design-8.png)\"><\/div><div class=\"wp-block-cover__inner-container is-layout-flow wp-block-cover-is-layout-flow\">\n<div class=\"wp-block-group alignfull\"><div class=\"wp-block-group__inner-container is-layout-flow wp-block-group-is-layout-flow\">\n<div class=\"wp-block-columns alignfull is-layout-flex wp-container-core-columns-is-layout-9d6595d7 wp-block-columns-is-layout-flex\">\n<div class=\"wp-block-column is-layout-flow wp-block-column-is-layout-flow\">\n<div class=\"wp-block-columns alignfull is-layout-flex wp-container-core-columns-is-layout-9d6595d7 wp-block-columns-is-layout-flex\">\n<div class=\"wp-block-column is-layout-flow wp-block-column-is-layout-flow\">\n<div style=\"height:10px\" aria-hidden=\"true\" class=\"wp-block-spacer mb-0 mt-0\"><\/div>\n\n\n\n<h2 class=\"has-text-align-center has-secondary-color has-text-color coblocks-animate wp-block-heading\" data-coblocks-animation=\"zoomIn\">\u00a1Reserva tu espacio!<\/h2>\n\n\n\n<p><\/p>\n\n\n\n<h4 class=\"has-text-align-center has-tertiary-color has-text-color coblocks-animate wp-block-heading\" data-coblocks-animation=\"slideInBottom\">El d\u00eda del Simposio presenta tu carnet de Estudiante 2022 o Afiliaci\u00f3n de Socio IAG<\/h4>\n\n\n\n<h6 class=\"has-text-align-center has-quaternary-color has-text-color coblocks-animate wp-block-heading\" data-coblocks-animation=\"zoomIn\">Precios hasta el 15 de noviembre 2022<\/h6>\n\n\n\n<div style=\"height:1px\" aria-hidden=\"true\" class=\"wp-block-spacer\"><\/div>\n\n\n\n<div class=\"wp-block-columns alignfull are-vertically-aligned-center is-layout-flex wp-container-core-columns-is-layout-0f690aae wp-block-columns-is-layout-flex\" style=\"padding-top:0px;padding-right:0px;padding-bottom:0px;padding-left:0px\">\n<div class=\"wp-block-column is-vertically-aligned-center has-background coblocks-animate is-layout-flow wp-block-column-is-layout-flow\" style=\"background-color:#edf0f257;padding-top:20px;padding-right:10px;padding-bottom:20px;padding-left:10px\" data-coblocks-animation=\"slideInLeft\">\n<h2 class=\"has-text-align-center has-secondary-color has-text-color wp-block-heading\"><strong>Q350<\/strong><\/h2>\n\n\n\n<h4 class=\"has-text-align-center has-tertiary-color has-text-color wp-block-heading\">ESTUDIANTES<\/h4>\n\n\n\n<h6 class=\"has-text-align-center has-secondary-color has-text-color wp-block-heading\">Con carnet vigente 2022<\/h6>\n\n\n\n<div style=\"height:10px\" aria-hidden=\"true\" class=\"wp-block-spacer\"><\/div>\n\n\n\n<div class=\"wp-block-buttons is-layout-flex wp-block-buttons-is-layout-flex\">\n<div class=\"wp-block-button aligncenter is-style-outline is-style-outline--8\"><a class=\"wp-block-button__link has-tertiary-color has-text-color has-background wp-element-button\" href=\"https:\/\/forms.gle\/LXKKTNuJ9arm5HpK9\" style=\"border-radius:10px;background-color:#ffffff00\">Tengo carnet 2022<br>QUIERO INSCRIBIRME<\/a><\/div>\n<\/div>\n<\/div>\n\n\n\n<div class=\"wp-block-column is-vertically-aligned-center has-background coblocks-animate is-layout-flow wp-block-column-is-layout-flow\" style=\"background-color:#ffae004f;padding-top:20px;padding-right:10px;padding-bottom:20px;padding-left:10px\" data-coblocks-animation=\"slideInBottom\">\n<h2 class=\"has-text-align-center has-secondary-color has-text-color wp-block-heading\">Q450<\/h2>\n\n\n\n<h4 class=\"has-text-align-center has-tertiary-color has-text-color wp-block-heading\">SOCIOS ACTIVOS<\/h4>\n\n\n\n<h6 class=\"has-text-align-center has-secondary-color has-text-color wp-block-heading\">IAG<\/h6>\n\n\n\n<div style=\"height:10px\" aria-hidden=\"true\" class=\"wp-block-spacer\"><\/div>\n\n\n\n<div class=\"wp-block-buttons is-layout-flex wp-block-buttons-is-layout-flex\">\n<div class=\"wp-block-button aligncenter is-style-outline is-style-outline--9\"><a class=\"wp-block-button__link has-tertiary-color has-text-color wp-element-button\" href=\"https:\/\/forms.gle\/LXKKTNuJ9arm5HpK9\" style=\"border-radius:10px\">SOY socio IAG<br>PUEDO INSCRIBIRME<\/a><\/div>\n<\/div>\n<\/div>\n\n\n\n<div class=\"wp-block-column is-vertically-aligned-center has-background coblocks-animate is-layout-flow wp-block-column-is-layout-flow\" style=\"background-color:#0000004f;padding-top:20px;padding-right:10px;padding-bottom:20px;padding-left:10px\" data-coblocks-animation=\"slideInRight\">\n<h2 class=\"has-text-align-center has-secondary-color has-text-color wp-block-heading\">Q650<\/h2>\n\n\n\n<h4 class=\"has-text-align-center has-tertiary-color has-text-color wp-block-heading\">P\u00daBLICO<\/h4>\n\n\n\n<h6 class=\"has-text-align-center has-secondary-color has-text-color wp-block-heading\">En General<\/h6>\n\n\n\n<div style=\"height:10px\" aria-hidden=\"true\" class=\"wp-block-spacer\"><\/div>\n\n\n\n<div class=\"wp-block-buttons is-layout-flex wp-block-buttons-is-layout-flex\">\n<div class=\"wp-block-button aligncenter is-style-outline is-style-outline--10\"><a class=\"wp-block-button__link has-tertiary-color has-text-color wp-element-button\" href=\"https:\/\/forms.gle\/LXKKTNuJ9arm5HpK9\" style=\"border-radius:10px\" target=\"_blank\" rel=\"noreferrer noopener\">QUIERO PARTICIPAR<br>DESEO INSCRIBIRME<\/a><\/div>\n<\/div>\n<\/div>\n<\/div>\n<\/div>\n<\/div>\n<\/div>\n<\/div>\n\n\n\n<div class=\"wp-block-buttons is-content-justification-center is-layout-flex wp-container-core-buttons-is-layout-16018d1d wp-block-buttons-is-layout-flex\">\n<div class=\"wp-block-button is-style-outline coblocks-animate is-style-outline--11\" data-coblocks-animation=\"zoomIn\"><a class=\"wp-block-button__link has-secondary-color has-text-color wp-element-button\" href=\"#ponencias\" style=\"border-radius:10px;padding-top:10px;padding-right:10px;padding-bottom:10px;padding-left:10px\"><img data-recalc-dims=\"1\" loading=\"lazy\" decoding=\"async\" width=\"50\" height=\"50\" class=\"wp-image-553\" style=\"width: 50px;\" src=\"https:\/\/i0.wp.com\/iag.org.gt\/simposio-iag-2022\/wp-content\/uploads\/2022\/09\/arrow-down.png?resize=50%2C50&#038;ssl=1\" alt=\"\"><br>EXPOSITORES<br><\/a><\/div>\n<\/div>\n<\/div><\/div>\n\n\n\n<div style=\"height:27px\" aria-hidden=\"true\" class=\"wp-block-spacer\"><\/div>\n<\/div><\/div>\n\n\n\n<div class=\"wp-block-cover alignfull is-light has-parallax mb-0 mt-0\" id=\"Agenda\"><span aria-hidden=\"true\" class=\"wp-block-cover__background has-background-dim-10 has-background-dim\"><\/span><div role=\"img\" class=\"wp-block-cover__image-background wp-image-796 has-parallax\" style=\"background-position:50% 50%;background-image:url(https:\/\/iag.org.gt\/simposio-iag-2022\/wp-content\/uploads\/2022\/10\/crop-0-0-1920-1080-0-Untitled-design-15.png)\"><\/div><div class=\"wp-block-cover__inner-container is-layout-flow wp-block-cover-is-layout-flow\">\n<div class=\"wp-block-group alignfull\"><div class=\"wp-block-group__inner-container is-layout-flow wp-block-group-is-layout-flow\">\n<div class=\"wp-block-columns alignfull is-layout-flex wp-container-core-columns-is-layout-9d6595d7 wp-block-columns-is-layout-flex\">\n<div class=\"wp-block-column is-layout-flow wp-block-column-is-layout-flow\">\n<div class=\"wp-block-columns alignfull is-layout-flex wp-container-core-columns-is-layout-9d6595d7 wp-block-columns-is-layout-flex\">\n<div class=\"wp-block-column is-layout-flow wp-block-column-is-layout-flow\">\n<div style=\"height:10px\" aria-hidden=\"true\" class=\"wp-block-spacer mb-0 mt-0\"><\/div>\n\n\n\n<h2 class=\"has-text-align-center has-quaternary-color has-text-color coblocks-animate wp-block-heading\" data-coblocks-animation=\"zoomIn\">PROGRAMA DE CONFERENCIAS <\/h2>\n\n\n\n<h4 class=\"has-text-align-center has-quaternary-color has-text-color coblocks-animate wp-block-heading\" data-coblocks-animation=\"slideInBottom\">\u00bb Fomento de buenas pr\u00e1cticas en la infraestructura vial nacional.\u00bb <\/h4>\n\n\n<div class=\"wp-block-image\">\n<figure class=\"aligncenter size-large\"><img data-recalc-dims=\"1\" loading=\"lazy\" decoding=\"async\" width=\"576\" height=\"1024\" src=\"https:\/\/i0.wp.com\/iag.org.gt\/simposio-iag-2022\/wp-content\/uploads\/2022\/11\/STORY-PROGRAMA-.png?resize=576%2C1024&#038;ssl=1\" alt=\"\" class=\"wp-image-979\" srcset=\"https:\/\/i0.wp.com\/iag.org.gt\/simposio-iag-2022\/wp-content\/uploads\/2022\/11\/STORY-PROGRAMA-.png?resize=576%2C1024&amp;ssl=1 576w, https:\/\/i0.wp.com\/iag.org.gt\/simposio-iag-2022\/wp-content\/uploads\/2022\/11\/STORY-PROGRAMA-.png?resize=169%2C300&amp;ssl=1 169w, https:\/\/i0.wp.com\/iag.org.gt\/simposio-iag-2022\/wp-content\/uploads\/2022\/11\/STORY-PROGRAMA-.png?resize=768%2C1365&amp;ssl=1 768w, https:\/\/i0.wp.com\/iag.org.gt\/simposio-iag-2022\/wp-content\/uploads\/2022\/11\/STORY-PROGRAMA-.png?resize=864%2C1536&amp;ssl=1 864w, https:\/\/i0.wp.com\/iag.org.gt\/simposio-iag-2022\/wp-content\/uploads\/2022\/11\/STORY-PROGRAMA-.png?w=1080&amp;ssl=1 1080w\" sizes=\"auto, (max-width: 576px) 100vw, 576px\" \/><\/figure>\n<\/div>\n\n\n<div style=\"height:1px\" aria-hidden=\"true\" class=\"wp-block-spacer\"><\/div>\n\n\n\n<div class=\"wp-block-columns alignfull are-vertically-aligned-center is-layout-flex wp-container-core-columns-is-layout-0f690aae wp-block-columns-is-layout-flex\" style=\"padding-top:0px;padding-right:0px;padding-bottom:0px;padding-left:0px\">\n<div class=\"wp-block-column is-layout-flow wp-block-column-is-layout-flow\"><\/div>\n\n\n\n<div class=\"wp-block-column is-layout-flow wp-block-column-is-layout-flow\"><\/div>\n\n\n\n<div class=\"wp-block-column is-layout-flow wp-block-column-is-layout-flow\"><\/div>\n<\/div>\n<\/div>\n<\/div>\n<\/div>\n<\/div>\n<\/div><\/div>\n\n\n\n<div style=\"height:100px\" aria-hidden=\"true\" class=\"wp-block-spacer\"><\/div>\n<\/div><\/div>\n\n\n\n<div class=\"wp-block-cover alignfull mb-0 mt-0\" id=\"expositores-01\"><span aria-hidden=\"true\" class=\"wp-block-cover__background has-background-dim-0 has-background-dim\"><\/span><img data-recalc-dims=\"1\" loading=\"lazy\" decoding=\"async\" width=\"660\" height=\"440\" class=\"wp-block-cover__image-background wp-image-600\" alt=\"\" src=\"https:\/\/i0.wp.com\/iag.org.gt\/simposio-iag-2022\/wp-content\/uploads\/2022\/09\/2-1-scaled.jpg?resize=660%2C440&#038;ssl=1\" style=\"object-position:47% 93%\" data-object-fit=\"cover\" data-object-position=\"47% 93%\" srcset=\"https:\/\/i0.wp.com\/iag.org.gt\/simposio-iag-2022\/wp-content\/uploads\/2022\/09\/2-1-scaled.jpg?w=2560&amp;ssl=1 2560w, https:\/\/i0.wp.com\/iag.org.gt\/simposio-iag-2022\/wp-content\/uploads\/2022\/09\/2-1-scaled.jpg?resize=300%2C200&amp;ssl=1 300w, https:\/\/i0.wp.com\/iag.org.gt\/simposio-iag-2022\/wp-content\/uploads\/2022\/09\/2-1-scaled.jpg?resize=1024%2C683&amp;ssl=1 1024w, https:\/\/i0.wp.com\/iag.org.gt\/simposio-iag-2022\/wp-content\/uploads\/2022\/09\/2-1-scaled.jpg?resize=768%2C512&amp;ssl=1 768w, https:\/\/i0.wp.com\/iag.org.gt\/simposio-iag-2022\/wp-content\/uploads\/2022\/09\/2-1-scaled.jpg?resize=1536%2C1024&amp;ssl=1 1536w, https:\/\/i0.wp.com\/iag.org.gt\/simposio-iag-2022\/wp-content\/uploads\/2022\/09\/2-1-scaled.jpg?resize=2048%2C1365&amp;ssl=1 2048w, https:\/\/i0.wp.com\/iag.org.gt\/simposio-iag-2022\/wp-content\/uploads\/2022\/09\/2-1-scaled.jpg?w=1320&amp;ssl=1 1320w, https:\/\/i0.wp.com\/iag.org.gt\/simposio-iag-2022\/wp-content\/uploads\/2022\/09\/2-1-scaled.jpg?w=1980&amp;ssl=1 1980w\" sizes=\"auto, (max-width: 660px) 100vw, 660px\" \/><div class=\"wp-block-cover__inner-container is-layout-flow wp-block-cover-is-layout-flow\">\n<div class=\"wp-block-group alignfull\"><div class=\"wp-block-group__inner-container is-layout-flow wp-block-group-is-layout-flow\">\n<div class=\"wp-block-columns alignfull is-layout-flex wp-container-core-columns-is-layout-9d6595d7 wp-block-columns-is-layout-flex\">\n<div class=\"wp-block-column is-layout-flow wp-block-column-is-layout-flow\" style=\"padding-top:20px;padding-right:20px;padding-bottom:20px;padding-left:20px\" id=\"ponencias\">\n<div style=\"height:10px\" aria-hidden=\"true\" class=\"wp-block-spacer\"><\/div>\n\n\n\n<h3 class=\"has-text-align-center has-secondary-color has-text-color wp-block-heading\">Expositores<\/h3>\n\n\n\n<div style=\"height:40px\" aria-hidden=\"true\" class=\"wp-block-spacer\"><\/div>\n\n\n\n<div class=\"wp-block-columns is-layout-flex wp-container-core-columns-is-layout-9d6595d7 wp-block-columns-is-layout-flex\">\n<div class=\"wp-block-column is-layout-flow wp-block-column-is-layout-flow\">\n<figure class=\"wp-block-image size-full\"><img data-recalc-dims=\"1\" loading=\"lazy\" decoding=\"async\" width=\"660\" height=\"553\" src=\"https:\/\/i0.wp.com\/iag.org.gt\/simposio-iag-2022\/wp-content\/uploads\/2022\/10\/PONENTES-SIMPOSIO-7-1.png?resize=660%2C553&#038;ssl=1\" alt=\"\" class=\"wp-image-911\" srcset=\"https:\/\/i0.wp.com\/iag.org.gt\/simposio-iag-2022\/wp-content\/uploads\/2022\/10\/PONENTES-SIMPOSIO-7-1.png?w=940&amp;ssl=1 940w, https:\/\/i0.wp.com\/iag.org.gt\/simposio-iag-2022\/wp-content\/uploads\/2022\/10\/PONENTES-SIMPOSIO-7-1.png?resize=300%2C251&amp;ssl=1 300w, https:\/\/i0.wp.com\/iag.org.gt\/simposio-iag-2022\/wp-content\/uploads\/2022\/10\/PONENTES-SIMPOSIO-7-1.png?resize=768%2C644&amp;ssl=1 768w\" sizes=\"auto, (max-width: 660px) 100vw, 660px\" \/><\/figure>\n\n\n\n<h4 class=\"wp-block-heading\">MSc. Ricardo Galvis<\/h4>\n\n\n\n<div class=\"wp-block-coblocks-accordion\">\n<div class=\"wp-block-coblocks-accordion-item\"><details><summary class=\"wp-block-coblocks-accordion-item__title has-background has-secondary-background-color has-text-color has-primary-color\">Informaci\u00f3n del expositor<\/summary><div class=\"wp-block-coblocks-accordion-item__content\" style=\"border-color:rgb(255,180,0)\">\n<h3 class=\"has-small-font-size wp-block-heading\" style=\"font-style:normal;font-weight:400;font-size:40px\">Ingeniero con experiencia central en el desarrollo de empresas y proyectos relacionados con la construcci\u00f3n de carreteras con alto enfoque en la Gesti\u00f3n Estrat\u00e9gica de Negocios y de Proyectos; actividad profesional ha estado ligada a las \u00e1reas de dise\u00f1o, inspecci\u00f3n, supervisi\u00f3n y construcci\u00f3n como socio fundador de empresas constructoras y consultoras.<\/h3>\n\n\n\n<h3 class=\"has-small-font-size wp-block-heading\" style=\"font-style:normal;font-weight:400;font-size:40px\">En su actividad acad\u00e9mica ha escrito 26 art\u00edculos t\u00e9cnicos los cuales han sido publicados y presentados en Congresos y Revistas T\u00e9cnicas de Carreteras en Europa y Latinoam\u00e9rica. <\/h3>\n\n\n\n<h3 class=\"has-small-font-size wp-block-heading\" style=\"font-style:normal;font-weight:400;font-size:40px\">Miembro del Instituto Venezolano del Asfalto y la Asociaci\u00f3n Mexicana del Asfalto. Facilitador de cursos de pavimento y construcci\u00f3n de carreteras en Latinoam\u00e9rica y El Caribe. <\/h3>\n\n\n\n<h3 class=\"has-small-font-size wp-block-heading\" style=\"font-style:normal;font-weight:400;font-size:40px\">Como asesor ha liderado el Comit\u00e9 T\u00e9cnico de Maquinaria y Equipo de la Asociaci\u00f3n Mexicana del Asfalto, ha sido miembro del Comit\u00e9 de Revisi\u00f3n T\u00e9cnica del XX Congreso Iberolatinoamericano de Asfalto y Asesor del Comit\u00e9 de Reciclaje en Fr\u00edo, del Programa de Infraestructura y Transporte de Costa Rica.<\/h3>\n<\/div><\/details><\/div>\n<\/div>\n<\/div>\n\n\n\n<div class=\"wp-block-column is-layout-flow wp-block-column-is-layout-flow\">\n<figure class=\"wp-block-image size-full\"><img data-recalc-dims=\"1\" loading=\"lazy\" decoding=\"async\" width=\"660\" height=\"553\" src=\"https:\/\/i0.wp.com\/iag.org.gt\/simposio-iag-2022\/wp-content\/uploads\/2022\/10\/1.png?resize=660%2C553&#038;ssl=1\" alt=\"\" class=\"wp-image-718\" srcset=\"https:\/\/i0.wp.com\/iag.org.gt\/simposio-iag-2022\/wp-content\/uploads\/2022\/10\/1.png?w=940&amp;ssl=1 940w, https:\/\/i0.wp.com\/iag.org.gt\/simposio-iag-2022\/wp-content\/uploads\/2022\/10\/1.png?resize=300%2C251&amp;ssl=1 300w, https:\/\/i0.wp.com\/iag.org.gt\/simposio-iag-2022\/wp-content\/uploads\/2022\/10\/1.png?resize=768%2C644&amp;ssl=1 768w\" sizes=\"auto, (max-width: 660px) 100vw, 660px\" \/><\/figure>\n\n\n\n<h4 class=\"wp-block-heading\">Dr. Wilmar Fern\u00e1ndez<\/h4>\n\n\n\n<div class=\"wp-block-coblocks-accordion\">\n<div class=\"wp-block-coblocks-accordion-item\"><details><summary class=\"wp-block-coblocks-accordion-item__title has-background has-secondary-background-color has-text-color has-primary-color\">Informaci\u00f3n del expositor<\/summary><div class=\"wp-block-coblocks-accordion-item__content\" style=\"border-color:rgb(255,180,0)\">\n<h3 class=\"has-small-font-size wp-block-heading\" style=\"font-style:normal;font-weight:400\">Ingeniero Civil egresado de la Universidad Cat\u00f3lica de Colombia (1999). Mag\u00edster en Ingenier\u00eda Civil Universidad de Los Andes (2003) y Doctor en Ingenier\u00eda de la Pontificia Universidad Javeriana (2014). Posdoctorado en el Centro de Infraestructura Sostenible del Transporte del Instituto de Transporte de la Universidad Tecnol\u00f3gica de Virginia en Estados Unidos (2016).<\/h3>\n\n\n\n<h3 class=\"has-small-font-size wp-block-heading\" style=\"font-style:normal;font-weight:400\"> Las \u00e1reas de inter\u00e9s investigativo se centran en temas del an\u00e1lisis de asfaltos y materiales de construcci\u00f3n, dise\u00f1o y an\u00e1lisis de pavimentos, modelaci\u00f3n en ingenier\u00eda, aplicaci\u00f3n de la geom\u00e1tica en las v\u00edas y gesti\u00f3n de infraestructura vial sostenible. Se ha desempe\u00f1ado como constructor e interventor de proyectos de ingenier\u00eda y en los \u00faltimos 20 a\u00f1os como profesor Universitario. <\/h3>\n\n\n\n<h3 class=\"has-small-font-size wp-block-heading\" style=\"font-style:normal;font-weight:400\">Actualmente es profesor Titular de la Universidad Distrital Francisco Jos\u00e9 de Caldas y ha colaborado en cursos de posgrado en diferentes Universidades. En la actualidad es el director del Centro de Pavimentos y Materiales Sostenibles de la Universidad Distrital. <\/h3>\n\n\n\n<h3 class=\"has-small-font-size wp-block-heading\" style=\"font-style:normal;font-weight:400\">Ha sido ponente en diferentes congresos a nivel nacional e internacional y autor de diversos art\u00edculos cient\u00edficos y en el presente es reconocido como Investigador Senior de Ministerio de Ciencias de Colombia MinCiencias. Adem\u00e1s, desde 2020 funge como presidente del Consejo Profesional Nacional de Topograf\u00eda de Colombia.<\/h3>\n<\/div><\/details><\/div>\n<\/div>\n<\/div>\n\n\n\n<div class=\"wp-block-column is-layout-flow wp-block-column-is-layout-flow\">\n<figure class=\"wp-block-image size-full\"><img data-recalc-dims=\"1\" loading=\"lazy\" decoding=\"async\" width=\"660\" height=\"553\" src=\"https:\/\/i0.wp.com\/iag.org.gt\/simposio-iag-2022\/wp-content\/uploads\/2022\/10\/2.png?resize=660%2C553&#038;ssl=1\" alt=\"\" class=\"wp-image-719\" srcset=\"https:\/\/i0.wp.com\/iag.org.gt\/simposio-iag-2022\/wp-content\/uploads\/2022\/10\/2.png?w=940&amp;ssl=1 940w, https:\/\/i0.wp.com\/iag.org.gt\/simposio-iag-2022\/wp-content\/uploads\/2022\/10\/2.png?resize=300%2C251&amp;ssl=1 300w, https:\/\/i0.wp.com\/iag.org.gt\/simposio-iag-2022\/wp-content\/uploads\/2022\/10\/2.png?resize=768%2C644&amp;ssl=1 768w\" sizes=\"auto, (max-width: 660px) 100vw, 660px\" \/><\/figure>\n\n\n\n<h4 class=\"wp-block-heading\">MSc. Rodrigo Rubio<\/h4>\n\n\n\n<div class=\"wp-block-coblocks-accordion\">\n<div class=\"wp-block-coblocks-accordion-item\"><details><summary class=\"wp-block-coblocks-accordion-item__title has-background has-secondary-background-color has-text-color has-primary-color\">Informaci\u00f3n del expositor<\/summary><div class=\"wp-block-coblocks-accordion-item__content\" style=\"border-color:rgb(255,180,0)\">\n<h3 class=\"has-small-font-size wp-block-heading\" style=\"font-style:normal;font-weight:400\">Ingeniero civil graduado de la Universidad del Valle de Guatemala, cuenta con una Maestr\u00eda en Ingenier\u00eda Civil con \u00e9nfasis en Infraestructura Vial cursada en la Pontificia Universidad Javeriana de Bogot\u00e1, Colombia.<\/h3>\n\n\n\n<h3 class=\"has-small-font-size wp-block-heading\" style=\"font-style:normal;font-weight:400\">Actualmente es el presidente del Instituto del Asfalto de Guatemala IAG, es Gerente T\u00e9cnico de la empresa SERPIN (Servicios para industria), supervisando las l\u00edneas de dise\u00f1o de pavimentos, geof\u00edsica aplicada, laboratorio de materiales, investigaci\u00f3n con nanomateriales y gesti\u00f3n vial. <\/h3>\n\n\n\n<h3 class=\"has-small-font-size wp-block-heading\" style=\"font-style:normal;font-weight:400\">Tiene a su cargo los equipos de evaluaci\u00f3n No Destructiva para desempe\u00f1o de mezclas asf\u00e1lticas y de concreto hidr\u00e1ulico (Geof\u00edsica) entre ellos el Deflect\u00f3metro de Impacto (FWD), Perfil\u00f3metro Inercial (RSP) y Georradar (GPR). <\/h3>\n\n\n\n<h3 class=\"has-small-font-size wp-block-heading\" style=\"font-style:normal;font-weight:400\">Cuenta con un laboratorio de mec\u00e1nica de suelos, mezclas de concreto asf\u00e1ltico, mezclas de concreto hidr\u00e1ulico y asfaltos para el control de calidad y dise\u00f1o de pavimentos y Geotecnia Vial. <\/h3>\n\n\n\n<h3 class=\"has-small-font-size wp-block-heading\" style=\"font-style:normal;font-weight:400\">Ha realizado estudios de evaluaci\u00f3n y dise\u00f1o para pavimentos flexibles y pavimentos r\u00edgidos para varias empresas nacionales e internacionales.<\/h3>\n<\/div><\/details><\/div>\n<\/div>\n<\/div>\n<\/div>\n\n\n\n<div class=\"wp-block-columns is-layout-flex wp-container-core-columns-is-layout-9d6595d7 wp-block-columns-is-layout-flex\">\n<div class=\"wp-block-column is-layout-flow wp-block-column-is-layout-flow\">\n<figure class=\"wp-block-image size-full\"><img data-recalc-dims=\"1\" loading=\"lazy\" decoding=\"async\" width=\"660\" height=\"553\" src=\"https:\/\/i0.wp.com\/iag.org.gt\/simposio-iag-2022\/wp-content\/uploads\/2022\/10\/4.png?resize=660%2C553&#038;ssl=1\" alt=\"\" class=\"wp-image-720\" srcset=\"https:\/\/i0.wp.com\/iag.org.gt\/simposio-iag-2022\/wp-content\/uploads\/2022\/10\/4.png?w=940&amp;ssl=1 940w, https:\/\/i0.wp.com\/iag.org.gt\/simposio-iag-2022\/wp-content\/uploads\/2022\/10\/4.png?resize=300%2C251&amp;ssl=1 300w, https:\/\/i0.wp.com\/iag.org.gt\/simposio-iag-2022\/wp-content\/uploads\/2022\/10\/4.png?resize=768%2C644&amp;ssl=1 768w\" sizes=\"auto, (max-width: 660px) 100vw, 660px\" \/><\/figure>\n\n\n\n<h4 class=\"wp-block-heading\">Ing. Dina Avell\u00e1n<\/h4>\n\n\n\n<div class=\"wp-block-coblocks-accordion\">\n<div class=\"wp-block-coblocks-accordion-item\"><details><summary class=\"wp-block-coblocks-accordion-item__title has-background has-secondary-background-color has-text-color has-primary-color\">Informaci\u00f3n del expositor<\/summary><div class=\"wp-block-coblocks-accordion-item__content\" style=\"border-color:rgb(255,180,0)\">\n<h3 class=\"has-small-font-size wp-block-heading\" style=\"font-style:normal;font-weight:400;font-size:40px\">Ingeniera civil, graduada de la Universidad de San Carlos de Guatemala. Maestrante en la Maestr\u00eda en ingenier\u00eda Vial por la misma casa de estudios.<\/h3>\n\n\n\n<p><\/p>\n\n\n\n<h3 class=\"has-small-font-size wp-block-heading\" style=\"font-style:normal;font-weight:400;font-size:40px\">Ha realizado estudios de diplomado en Pavimentos Flexibles en el Instituto Tecnol\u00f3gico y de Estudios Superiores de Monterrey M\u00e9xico; cuenta con un Diplomado en Mec\u00e1nica de Suelos&nbsp;por la Universidad de San Carlos de Guatemala.<\/h3>\n\n\n\n<h3 class=\"has-small-font-size wp-block-heading\" style=\"font-style:normal;font-weight:400;font-size:40px\">Particip\u00f3 en el Seminario Centroamericano del Asfalto en  Laboratorio Nacional de materiales y modelos estructurales (LANAMME UCR)&nbsp;Universidad de Costa Rica. <\/h3>\n\n\n\n<p><\/p>\n\n\n\n<h3 class=\"has-small-font-size wp-block-heading\" style=\"font-style:normal;font-weight:400;font-size:40px\">Particip\u00f3 en el -20th Anniversary Conference AMAP The Association of Modified Asphalt Producers, Fort Lauderdale, Florida. <\/h3>\n\n\n\n<p><\/p>\n\n\n\n<h3 class=\"has-small-font-size wp-block-heading\" style=\"font-style:normal;font-weight:400;font-size:40px\">Cuenta con vasta experiencia en mezclas asf\u00e1lticas modificadas; actualmente es gerente del departamento de investigaci\u00f3n, desarrollo y control de calidad de Asfaltos de Guatemala, Asfalgua.<\/h3>\n<\/div><\/details><\/div>\n<\/div>\n<\/div>\n\n\n\n<div class=\"wp-block-column is-layout-flow wp-block-column-is-layout-flow\">\n<figure class=\"wp-block-image size-full\"><img data-recalc-dims=\"1\" loading=\"lazy\" decoding=\"async\" width=\"660\" height=\"553\" src=\"https:\/\/i0.wp.com\/iag.org.gt\/simposio-iag-2022\/wp-content\/uploads\/2022\/11\/PONENTES-SIMPOSIO-6.png?resize=660%2C553&#038;ssl=1\" alt=\"\" class=\"wp-image-927\" srcset=\"https:\/\/i0.wp.com\/iag.org.gt\/simposio-iag-2022\/wp-content\/uploads\/2022\/11\/PONENTES-SIMPOSIO-6.png?w=940&amp;ssl=1 940w, https:\/\/i0.wp.com\/iag.org.gt\/simposio-iag-2022\/wp-content\/uploads\/2022\/11\/PONENTES-SIMPOSIO-6.png?resize=300%2C251&amp;ssl=1 300w, https:\/\/i0.wp.com\/iag.org.gt\/simposio-iag-2022\/wp-content\/uploads\/2022\/11\/PONENTES-SIMPOSIO-6.png?resize=768%2C644&amp;ssl=1 768w\" sizes=\"auto, (max-width: 660px) 100vw, 660px\" \/><\/figure>\n\n\n\n<h4 class=\"wp-block-heading\">MSc. Manuel Uribio<\/h4>\n\n\n\n<div class=\"wp-block-coblocks-accordion\">\n<div class=\"wp-block-coblocks-accordion-item\"><details><summary class=\"wp-block-coblocks-accordion-item__title has-background has-secondary-background-color has-text-color has-primary-color\">Informaci\u00f3n del expositor<\/summary><div class=\"wp-block-coblocks-accordion-item__content\" style=\"border-color:rgb(255,180,0)\">\n<h2 class=\"has-small-font-size wp-block-heading\" style=\"font-style:normal;font-weight:400\">Ingeniero Civil graduado de la Universidad de San Carlos de Guatemala, cuenta con una especializaci\u00f3n en Ingenier\u00eda Empresarial por la Universidad Rafael Land\u00edvar, Master de la Maestr\u00eda en Direcci\u00f3n Industrial por la misma casa de estudios.<\/h2>\n\n\n\n<h2 class=\"has-small-font-size wp-block-heading\" style=\"font-style:normal;font-weight:400\">Cuenta con un certificado internacional T\u00e9cnico en superficies planas de concreto por el American Concrete Institute.<\/h2>\n\n\n\n<h2 class=\"has-small-font-size wp-block-heading\" style=\"font-style:normal;font-weight:400\">Actualmente es Asesor t\u00e9cnico en infraestructura del Centro de investigaci\u00f3n y desarrollo CI + D de Cementos Progreso.<\/h2>\n\n\n\n<p><\/p>\n\n\n\n<h2 class=\"has-small-font-size wp-block-heading\" style=\"font-style:normal;font-weight:400\">Experiencia en Dise\u00f1o y evaluaci\u00f3n estructural de pavimentos flexibles y r\u00edgidos, metodolog\u00edas AASHTO 1993 y Mecanicista \u2013 emp\u00edrico ME; Dise\u00f1o, producci\u00f3n y colocaci\u00f3n de mezclas asf\u00e1lticas y emulsiones y Control de calidad en infraestructura vial.<\/h2>\n<\/div><\/details><\/div>\n<\/div>\n<\/div>\n\n\n\n<div class=\"wp-block-column is-layout-flow wp-block-column-is-layout-flow\">\n<figure class=\"wp-block-image size-full\"><img data-recalc-dims=\"1\" loading=\"lazy\" decoding=\"async\" width=\"660\" height=\"553\" src=\"https:\/\/i0.wp.com\/iag.org.gt\/simposio-iag-2022\/wp-content\/uploads\/2022\/10\/Untitled-design-16.png?resize=660%2C553&#038;ssl=1\" alt=\"\" class=\"wp-image-728\" srcset=\"https:\/\/i0.wp.com\/iag.org.gt\/simposio-iag-2022\/wp-content\/uploads\/2022\/10\/Untitled-design-16.png?w=940&amp;ssl=1 940w, https:\/\/i0.wp.com\/iag.org.gt\/simposio-iag-2022\/wp-content\/uploads\/2022\/10\/Untitled-design-16.png?resize=300%2C251&amp;ssl=1 300w, https:\/\/i0.wp.com\/iag.org.gt\/simposio-iag-2022\/wp-content\/uploads\/2022\/10\/Untitled-design-16.png?resize=768%2C644&amp;ssl=1 768w\" sizes=\"auto, (max-width: 660px) 100vw, 660px\" \/><\/figure>\n\n\n\n<h4 class=\"wp-block-heading\">Ing. Jos\u00e9 Istupe<\/h4>\n\n\n\n<div class=\"wp-block-coblocks-accordion\">\n<div class=\"wp-block-coblocks-accordion-item\"><details><summary class=\"wp-block-coblocks-accordion-item__title has-background has-secondary-background-color has-text-color has-primary-color\">Informaci\u00f3n del expositor<\/summary><div class=\"wp-block-coblocks-accordion-item__content\" style=\"border-color:rgb(255,180,0)\">\n<h3 class=\"has-small-font-size wp-block-heading\" style=\"font-style:normal;font-weight:400\">Ingeniero civil graduado de la Universidad de San Carlos de Guatemala; Maestrante de la Maestr\u00eda en Geotecnia por la misma casa de estudios.<\/h3>\n\n\n\n<h3 class=\"has-small-font-size wp-block-heading\" style=\"font-style:normal;font-weight:400\">Actual Investigador, laboratorista, programador y supervisor de ensayos de la secci\u00f3n de mec\u00e1nica de suelos y asfaltos del Centro de Investigaciones de Ingenier\u00eda de la Universidad de San Carlos de Guatemala. <\/h3>\n\n\n\n<p><\/p>\n\n\n\n<h3 class=\"has-small-font-size wp-block-heading\" style=\"font-style:normal;font-weight:400\">Asesor en controles de calidad en mec\u00e1nica de suelos y asfaltos, estudios geot\u00e9cnicos para construcciones de obras civiles y dise\u00f1o de carreteras.<\/h3>\n<\/div><\/details><\/div>\n<\/div>\n<\/div>\n<\/div>\n\n\n\n<div class=\"wp-block-columns is-layout-flex wp-container-core-columns-is-layout-9d6595d7 wp-block-columns-is-layout-flex\">\n<div class=\"wp-block-column is-layout-flow wp-block-column-is-layout-flow\">\n<figure class=\"wp-block-image size-full\"><img data-recalc-dims=\"1\" loading=\"lazy\" decoding=\"async\" width=\"660\" height=\"553\" src=\"https:\/\/i0.wp.com\/iag.org.gt\/simposio-iag-2022\/wp-content\/uploads\/2022\/10\/PONENTES-SIMPOSIO-2.png?resize=660%2C553&#038;ssl=1\" alt=\"\" class=\"wp-image-784\" srcset=\"https:\/\/i0.wp.com\/iag.org.gt\/simposio-iag-2022\/wp-content\/uploads\/2022\/10\/PONENTES-SIMPOSIO-2.png?w=940&amp;ssl=1 940w, https:\/\/i0.wp.com\/iag.org.gt\/simposio-iag-2022\/wp-content\/uploads\/2022\/10\/PONENTES-SIMPOSIO-2.png?resize=300%2C251&amp;ssl=1 300w, https:\/\/i0.wp.com\/iag.org.gt\/simposio-iag-2022\/wp-content\/uploads\/2022\/10\/PONENTES-SIMPOSIO-2.png?resize=768%2C644&amp;ssl=1 768w\" sizes=\"auto, (max-width: 660px) 100vw, 660px\" \/><\/figure>\n\n\n\n<h4 class=\"wp-block-heading\">Ing. Christa Mata  <\/h4>\n\n\n\n<div class=\"wp-block-coblocks-accordion\">\n<div class=\"wp-block-coblocks-accordion-item\"><details><summary class=\"wp-block-coblocks-accordion-item__title has-background has-secondary-background-color has-text-color has-primary-color\">Informaci\u00f3n del expositor<\/summary><div class=\"wp-block-coblocks-accordion-item__content\" style=\"border-color:rgb(255,180,0)\">\n<h3 class=\"has-small-font-size wp-block-heading\" style=\"font-style:normal;font-weight:400;font-size:40px\">Ingeniera Civil graduada de la Universidad Albert Einstein, de El Salvador; cuenta con m\u00e1s de 10 a\u00f1os de experiencia en el desarrollo de productos asf\u00e1lticos.<\/h3>\n\n\n\n<h2 class=\"has-small-font-size wp-block-heading\" style=\"font-style:normal;font-weight:400\">Maestrante de la Universidad de El Salvador en la Maestr\u00eda de Ingenier\u00eda Vial, adem\u00e1s de contar con 3 diplomados de la Universidad del Cauca de Colombia. <\/h2>\n\n\n\n<h2 class=\"has-small-font-size wp-block-heading\" style=\"font-style:normal;font-weight:400\">Actualmente se desempe\u00f1a como director t\u00e9cnico de Asfaltos de Centroam\u00e9rica Asfalca, as\u00ed como de Gestor de Calidad del sistema de gesti\u00f3n bajo la norma ISO 17025 bajo las cual operan los laboratorios de Asfalca.<\/h2>\n<\/div><\/details><\/div>\n<\/div>\n<\/div>\n\n\n\n<div class=\"wp-block-column is-layout-flow wp-block-column-is-layout-flow\">\n<figure class=\"wp-block-image size-full\"><img data-recalc-dims=\"1\" loading=\"lazy\" decoding=\"async\" width=\"660\" height=\"553\" src=\"https:\/\/i0.wp.com\/iag.org.gt\/simposio-iag-2022\/wp-content\/uploads\/2022\/10\/PONENTES-SIMPOSIO-.png?resize=660%2C553&#038;ssl=1\" alt=\"\" class=\"wp-image-758\" srcset=\"https:\/\/i0.wp.com\/iag.org.gt\/simposio-iag-2022\/wp-content\/uploads\/2022\/10\/PONENTES-SIMPOSIO-.png?w=940&amp;ssl=1 940w, https:\/\/i0.wp.com\/iag.org.gt\/simposio-iag-2022\/wp-content\/uploads\/2022\/10\/PONENTES-SIMPOSIO-.png?resize=300%2C251&amp;ssl=1 300w, https:\/\/i0.wp.com\/iag.org.gt\/simposio-iag-2022\/wp-content\/uploads\/2022\/10\/PONENTES-SIMPOSIO-.png?resize=768%2C644&amp;ssl=1 768w\" sizes=\"auto, (max-width: 660px) 100vw, 660px\" \/><\/figure>\n\n\n\n<h4 class=\"wp-block-heading\">MSc. Mary Jerez<\/h4>\n\n\n\n<div class=\"wp-block-coblocks-accordion\">\n<div class=\"wp-block-coblocks-accordion-item\"><details><summary class=\"wp-block-coblocks-accordion-item__title has-background has-secondary-background-color has-text-color has-primary-color\">Informaci\u00f3n del expositor<\/summary><div class=\"wp-block-coblocks-accordion-item__content\" style=\"border-color:rgb(255,180,0)\">\n<h2 class=\"has-small-font-size wp-block-heading\" style=\"font-style:normal;font-weight:400\">Arquitecta egresada de la Universidad San Carlos de Guatemala. Cuenta con un   Master en Geotecnia y Cimentaciones por la Universidad  de Madrid UDIMA. Adem\u00e1s de Especializaci\u00f3n del uso de Geosint\u00e9ticos en proyectos de infraestructura.<\/h2>\n\n\n\n<p><\/p>\n\n\n\n<h2 class=\"has-small-font-size wp-block-heading\" style=\"font-style:normal;font-weight:400\">Socia fundadora de Urrea Ingenier\u00eda divisi\u00f3n de Geosint\u00e9ticos. Gerente T\u00e9cnico Comercial desde 2010. Tiene a su cargo los dise\u00f1os y planificaci\u00f3n de los proyectos de Geosint\u00e9ticos de Guatemala- El salvador &#8211; Honduras. <\/h2>\n<\/div><\/details><\/div>\n<\/div>\n<\/div>\n\n\n\n<div class=\"wp-block-column is-layout-flow wp-block-column-is-layout-flow\">\n<figure class=\"wp-block-image size-full\"><img data-recalc-dims=\"1\" loading=\"lazy\" decoding=\"async\" width=\"660\" height=\"553\" src=\"https:\/\/i0.wp.com\/iag.org.gt\/simposio-iag-2022\/wp-content\/uploads\/2022\/10\/PONENTES-SIMPOSIO-3-1.png?resize=660%2C553&#038;ssl=1\" alt=\"\" class=\"wp-image-786\" srcset=\"https:\/\/i0.wp.com\/iag.org.gt\/simposio-iag-2022\/wp-content\/uploads\/2022\/10\/PONENTES-SIMPOSIO-3-1.png?w=940&amp;ssl=1 940w, https:\/\/i0.wp.com\/iag.org.gt\/simposio-iag-2022\/wp-content\/uploads\/2022\/10\/PONENTES-SIMPOSIO-3-1.png?resize=300%2C251&amp;ssl=1 300w, https:\/\/i0.wp.com\/iag.org.gt\/simposio-iag-2022\/wp-content\/uploads\/2022\/10\/PONENTES-SIMPOSIO-3-1.png?resize=768%2C644&amp;ssl=1 768w\" sizes=\"auto, (max-width: 660px) 100vw, 660px\" \/><\/figure>\n\n\n\n<h4 class=\"wp-block-heading\">MSc. Ricardo Flores <\/h4>\n\n\n\n<div class=\"wp-block-coblocks-accordion\">\n<div class=\"wp-block-coblocks-accordion-item\"><details><summary class=\"wp-block-coblocks-accordion-item__title has-background has-secondary-background-color has-text-color has-primary-color\">Informaci\u00f3n del expositor<\/summary><div class=\"wp-block-coblocks-accordion-item__content\" style=\"border-color:rgb(255,180,0)\">\n<h2 class=\"has-small-font-size wp-block-heading\" style=\"font-style:normal;font-weight:400\">Ingeniero civil graduado de la Universidad de El Salvador, M\u00e1ster en BIM Management para<br>infraestructura civil de la Universidad Rey Juan Carlos de Espa\u00f1a y Master en ingenier\u00eda vial en Universidad de El Salvador.<\/h2>\n\n\n\n<h2 class=\"has-small-font-size wp-block-heading\" style=\"font-style:normal;font-weight:400\">Actualmente se desenvuelve en el cargo de gerente en Investigaci\u00f3n &amp; Desarrollo en Asfaltos de Centroam\u00e9rica ASFALCA. Ha ejercido como docente de la Universidad de El Salvador y en la Universidad Polit\u00e9cnica de El Salvador en las \u00e1reas de ingenier\u00eda vial.  <\/h2>\n\n\n\n<p><\/p>\n\n\n\n<h2 class=\"has-small-font-size wp-block-heading\" style=\"font-style:normal;font-weight:400\">Se ha desempe\u00f1ado como<br>especialista en pavimentos y dise\u00f1o geom\u00e9trico en m\u00faltiples proyectos nacionales e internacionales; ha trabajado como experto t\u00e9cnico para la regi\u00f3n Centroamericana de Autodesk.<\/h2>\n<\/div><\/details><\/div>\n<\/div>\n<\/div>\n<\/div>\n\n\n\n<div class=\"wp-block-columns is-layout-flex wp-container-core-columns-is-layout-9d6595d7 wp-block-columns-is-layout-flex\">\n<div class=\"wp-block-column is-layout-flow wp-block-column-is-layout-flow\">\n<figure class=\"wp-block-image size-full\"><img data-recalc-dims=\"1\" loading=\"lazy\" decoding=\"async\" width=\"660\" height=\"553\" src=\"https:\/\/i0.wp.com\/iag.org.gt\/simposio-iag-2022\/wp-content\/uploads\/2022\/10\/PONENTES-SIMPOSIO-8.png?resize=660%2C553&#038;ssl=1\" alt=\"\" class=\"wp-image-904\" srcset=\"https:\/\/i0.wp.com\/iag.org.gt\/simposio-iag-2022\/wp-content\/uploads\/2022\/10\/PONENTES-SIMPOSIO-8.png?w=940&amp;ssl=1 940w, https:\/\/i0.wp.com\/iag.org.gt\/simposio-iag-2022\/wp-content\/uploads\/2022\/10\/PONENTES-SIMPOSIO-8.png?resize=300%2C251&amp;ssl=1 300w, https:\/\/i0.wp.com\/iag.org.gt\/simposio-iag-2022\/wp-content\/uploads\/2022\/10\/PONENTES-SIMPOSIO-8.png?resize=768%2C644&amp;ssl=1 768w\" sizes=\"auto, (max-width: 660px) 100vw, 660px\" \/><\/figure>\n\n\n\n<h4 class=\"wp-block-heading\">Ing. Adrianna Salamanca <\/h4>\n\n\n\n<div class=\"wp-block-coblocks-accordion\">\n<div class=\"wp-block-coblocks-accordion-item\"><details><summary class=\"wp-block-coblocks-accordion-item__title has-background has-secondary-background-color has-text-color has-primary-color\">Informaci\u00f3n del expositor<\/summary><div class=\"wp-block-coblocks-accordion-item__content\" style=\"border-color:rgb(255,180,0)\">\n<h3 class=\"has-small-font-size wp-block-heading\" style=\"font-style:normal;font-weight:400;font-size:40px\">Ingeniera Civil, graduada de la Universidad Centroamericana Jos\u00e9 Sime\u00f3n Ca\u00f1as UCA, de El Salvador. <\/h3>\n\n\n\n<h3 class=\"has-small-font-size wp-block-heading\" style=\"font-style:normal;font-weight:400;font-size:40px\">Maestrante de la Maestr\u00eda en Direcci\u00f3n de Empresas por la misma casa de estudios. Cuenta con un Postgrado en Gesti\u00f3n Cient\u00edfica por el Instituto Superior de Econom\u00eda y Administraci\u00f3n de empresas (ISEADE).<\/h3>\n\n\n\n<h3 class=\"has-small-font-size wp-block-heading\" style=\"font-style:normal;font-weight:400;font-size:40px\">Curso de Planeamiento y Desarrollo de<br>Infraestructura P\u00fablica del International Center for Land Policy Studies and Training (ICLPST), Rep\u00fablica de China<br>(Taiw\u00e1n).Adem\u00e1s de contar con diversos diplomados en el \u00e1rea de pavimentos flexibles.<\/h3>\n\n\n\n<p><\/p>\n\n\n\n<h3 class=\"has-small-font-size wp-block-heading\" style=\"font-style:normal;font-weight:400;font-size:40px\">Actualmente encargada del \u00e1rea t\u00e9cnica en UNO departamento de Bitumen para Centroam\u00e9rica. Capacitada en el dise\u00f1o, producci\u00f3n y control de calidad de productos asfalticos. Responsable del \u00e1rea de realizaci\u00f3n de pruebas t\u00e9cnicas, b\u00e1sicas y especializadas, para el control de calidad y dise\u00f1o de emulsiones asf\u00e1lticas, asfaltos<br>convencionales y modificados.<\/h3>\n<\/div><\/details><\/div>\n<\/div>\n<\/div>\n\n\n\n<div class=\"wp-block-column is-layout-flow wp-block-column-is-layout-flow\">\n<figure class=\"wp-block-image size-full\"><img data-recalc-dims=\"1\" loading=\"lazy\" decoding=\"async\" width=\"660\" height=\"553\" src=\"https:\/\/i0.wp.com\/iag.org.gt\/simposio-iag-2022\/wp-content\/uploads\/2022\/10\/PONENTES-SIMPOSIO-6-1.png?resize=660%2C553&#038;ssl=1\" alt=\"\" class=\"wp-image-906\" srcset=\"https:\/\/i0.wp.com\/iag.org.gt\/simposio-iag-2022\/wp-content\/uploads\/2022\/10\/PONENTES-SIMPOSIO-6-1.png?w=940&amp;ssl=1 940w, https:\/\/i0.wp.com\/iag.org.gt\/simposio-iag-2022\/wp-content\/uploads\/2022\/10\/PONENTES-SIMPOSIO-6-1.png?resize=300%2C251&amp;ssl=1 300w, https:\/\/i0.wp.com\/iag.org.gt\/simposio-iag-2022\/wp-content\/uploads\/2022\/10\/PONENTES-SIMPOSIO-6-1.png?resize=768%2C644&amp;ssl=1 768w\" sizes=\"auto, (max-width: 660px) 100vw, 660px\" \/><\/figure>\n\n\n\n<h4 class=\"wp-block-heading\">Ing. Victor Barrios <\/h4>\n\n\n\n<div class=\"wp-block-coblocks-accordion\">\n<div class=\"wp-block-coblocks-accordion-item\"><details><summary class=\"wp-block-coblocks-accordion-item__title has-background has-secondary-background-color has-text-color has-primary-color\">Informaci\u00f3n del expositor<\/summary><div class=\"wp-block-coblocks-accordion-item__content\" style=\"border-color:rgb(255,180,0)\">\n<h2 class=\"has-small-font-size wp-block-heading\" style=\"font-style:normal;font-weight:400\">Ingeniero civil, graduado de la Universidad de San Carlos de Guatemala. Maestrante de la Maestr\u00eda en ingenier\u00eda vial por la misma casa de estudios. Cuenta con una especializaci\u00f3n en Planeaci\u00f3n Vial, por la universidad de San Carlos de Guatemala, adem\u00e1s de contar con un Diplomado Internacional en Infraestructura Vial, por la Universidad de San Carlos de Guatemala y la Universidad Tecnol\u00f3gica Nacional de Argentina.<\/h2>\n\n\n\n<h2 class=\"has-small-font-size wp-block-heading\" style=\"font-style:normal;font-weight:400\"><br>Ha realizado estudios de diplomados en el \u00e1rea de hidrolog\u00eda e hidr\u00e1ulica, hidr\u00e1ulica fluvial e hidr\u00e1ulica de canales, por el Colegio de Ingenieros del Per\u00fa (CIP).<\/h2>\n\n\n\n<h2 class=\"has-small-font-size wp-block-heading\" style=\"font-style:normal;font-weight:400\"><br>Actualmente, se desenvuelve como consultor en el \u00e1rea de Hidrolog\u00eda e Hidr\u00e1ulica para proyectos de Infraestructura vial. Fue miembro titular del Grupo T\u00e9cnico Regional GTR de Guatemala y con el apoyo de la Agencia de Cooperaci\u00f3n Internacional de Jap\u00f3n (JICA) y la Secretar\u00eda de Integraci\u00f3n Econ\u00f3mica Centroamericana (SIECA), participo en la elaboraci\u00f3n de 4 manuales a nivel Centroamericano, de los cuales se puede mencionar, el Manual de consideraciones t\u00e9cnicas hidrol\u00f3gicas e hidr\u00e1ulicas para la infraestructura vial en Centroam\u00e9rica, Primera Edici\u00f3n, a\u00f1o 2016 y Segunda Edici\u00f3n, a\u00f1o 2021.<br><\/h2>\n\n\n\n<h2 class=\"has-small-font-size wp-block-heading\" style=\"font-style:normal;font-weight:400\">Cuenta con diversas capacitaciones en el \u00e1rea de hidrolog\u00eda e hidr\u00e1ulica, en Bolivia, Espa\u00f1a, Costa Rica, M\u00e9xico y Per\u00fa.<\/h2>\n<\/div><\/details><\/div>\n<\/div>\n<\/div>\n\n\n\n<div class=\"wp-block-column is-layout-flow wp-block-column-is-layout-flow\">\n<figure class=\"wp-block-image size-full\"><img data-recalc-dims=\"1\" loading=\"lazy\" decoding=\"async\" width=\"660\" height=\"553\" src=\"https:\/\/i0.wp.com\/iag.org.gt\/simposio-iag-2022\/wp-content\/uploads\/2022\/10\/PONENTES-SIMPOSIO-5-1.png?resize=660%2C553&#038;ssl=1\" alt=\"\" class=\"wp-image-826\" srcset=\"https:\/\/i0.wp.com\/iag.org.gt\/simposio-iag-2022\/wp-content\/uploads\/2022\/10\/PONENTES-SIMPOSIO-5-1.png?w=940&amp;ssl=1 940w, https:\/\/i0.wp.com\/iag.org.gt\/simposio-iag-2022\/wp-content\/uploads\/2022\/10\/PONENTES-SIMPOSIO-5-1.png?resize=300%2C251&amp;ssl=1 300w, https:\/\/i0.wp.com\/iag.org.gt\/simposio-iag-2022\/wp-content\/uploads\/2022\/10\/PONENTES-SIMPOSIO-5-1.png?resize=768%2C644&amp;ssl=1 768w\" sizes=\"auto, (max-width: 660px) 100vw, 660px\" \/><\/figure>\n\n\n\n<h4 class=\"wp-block-heading\">Arq. Cesar Alvarado  <\/h4>\n\n\n\n<div class=\"wp-block-coblocks-accordion\">\n<div class=\"wp-block-coblocks-accordion-item\"><details><summary class=\"wp-block-coblocks-accordion-item__title has-background has-secondary-background-color has-text-color has-primary-color\">Informaci\u00f3n del expositor<\/summary><div class=\"wp-block-coblocks-accordion-item__content\" style=\"border-color:rgb(255,180,0)\">\n<h2 class=\"has-small-font-size wp-block-heading\" style=\"font-style:normal;font-weight:400\">Egresado de la Facultad de Arquitectura de la Universidad Rafael Land\u00edvar; Diplomado en asfaltos Tecnol\u00f3gico de Monterrey\/Universidad Rafael Land\u00edvar; Curso Gerencia de (M&amp;R) mantenimiento y rehabilitaci\u00f3n de las obras viales GESNTRAC. Curso para el dise\u00f1o y fabricaci\u00f3n de emulsiones asf\u00e1lticas KAO\/Jap\u00f3n, Guadalajara M\u00e9xico. Curso de formaci\u00f3n de inspectores y auditores de seguridad vial por el Instituto Vial Iberoamericano\/M\u00e9xico.  <\/h2>\n\n\n\n<h2 class=\"has-small-font-size wp-block-heading\" style=\"font-style:normal;font-weight:400\">Desde 1,996 coordinador de los departamentos de trituraci\u00f3n, mezclas asf\u00e1lticas, asfaltos<br>modificados, emulsiones asf\u00e1lticas, Planificaci\u00f3n y Control de Calidad en SIGMA Corp.<br><\/h2>\n\n\n\n<h2 class=\"has-small-font-size wp-block-heading\" style=\"font-style:normal;font-weight:400\">Asesor externo en trituraci\u00f3n, mezclas asf\u00e1lticas y emulsiones en empresas de construcci\u00f3n.<br>Ha dise\u00f1ado, instalado y puesta en marcha plantas de: mezclas asf\u00e1lticas, modificaci\u00f3n del asfalto y emulsiones asf\u00e1lticas.<br><\/h2>\n\n\n\n<h2 class=\"has-small-font-size wp-block-heading\" style=\"font-style:normal;font-weight:400\">Es miembro de la Federaci\u00f3n Internacional de la Carretera y del Instituto Vial Iberoamericano. Ha participado en los CILAS XIV y XVII.<\/h2>\n<\/div><\/details><\/div>\n<\/div>\n<\/div>\n<\/div>\n\n\n\n<div class=\"wp-block-columns has-small-font-size is-layout-flex wp-container-core-columns-is-layout-9d6595d7 wp-block-columns-is-layout-flex\">\n<div class=\"wp-block-column is-layout-flow wp-block-column-is-layout-flow\">\n<figure class=\"wp-block-image size-full\"><img data-recalc-dims=\"1\" loading=\"lazy\" decoding=\"async\" width=\"660\" height=\"553\" src=\"https:\/\/i0.wp.com\/iag.org.gt\/simposio-iag-2022\/wp-content\/uploads\/2022\/11\/PONENTES-SIMPOSIO-7-1.png?resize=660%2C553&#038;ssl=1\" alt=\"\" class=\"wp-image-972\" srcset=\"https:\/\/i0.wp.com\/iag.org.gt\/simposio-iag-2022\/wp-content\/uploads\/2022\/11\/PONENTES-SIMPOSIO-7-1.png?w=940&amp;ssl=1 940w, https:\/\/i0.wp.com\/iag.org.gt\/simposio-iag-2022\/wp-content\/uploads\/2022\/11\/PONENTES-SIMPOSIO-7-1.png?resize=300%2C251&amp;ssl=1 300w, https:\/\/i0.wp.com\/iag.org.gt\/simposio-iag-2022\/wp-content\/uploads\/2022\/11\/PONENTES-SIMPOSIO-7-1.png?resize=768%2C644&amp;ssl=1 768w\" sizes=\"auto, (max-width: 660px) 100vw, 660px\" \/><\/figure>\n\n\n\n<h4 class=\"wp-block-heading\">Ing. Wesley Ford<\/h4>\n\n\n\n<div class=\"wp-block-coblocks-accordion\">\n<div class=\"wp-block-coblocks-accordion-item\"><details><summary class=\"wp-block-coblocks-accordion-item__title has-background has-secondary-background-color has-text-color has-primary-color\">Informaci\u00f3n del expositor<\/summary><div class=\"wp-block-coblocks-accordion-item__content\" style=\"border-color:rgb(255,180,0)\">\n<h3 class=\"has-small-font-size wp-block-heading\" style=\"font-style:normal;font-weight:400;font-size:40px\">Gerente de Producto \u2013 Plantas Asf\u00e1lticas Internacionales \u2013 Astec. <\/h3>\n\n\n\n<p><\/p>\n\n\n\n<h3 class=\"has-small-font-size wp-block-heading\" style=\"font-style:normal;font-weight:400;font-size:40px\">Wesley es ingeniero mec\u00e1nico de Chattanooga, Tennessee, EE. UU. Ha trabajado para Astec durante 2 a\u00f1os como ingeniero l\u00edder de productos internacionales y durante los \u00faltimos 2 a\u00f1os ha trabajado como gerente de producto responsable para el desarrollo y administraci\u00f3n del portafolio de plantas de asfalto internacionales de Astec.<\/h3>\n<\/div><\/details><\/div>\n<\/div>\n<\/div>\n\n\n\n<div class=\"wp-block-column is-layout-flow wp-block-column-is-layout-flow\">\n<figure class=\"wp-block-image size-full\"><img data-recalc-dims=\"1\" loading=\"lazy\" decoding=\"async\" width=\"660\" height=\"553\" src=\"https:\/\/i0.wp.com\/iag.org.gt\/simposio-iag-2022\/wp-content\/uploads\/2022\/12\/PONENTES-SIMPOSIO-1-2.png?resize=660%2C553&#038;ssl=1\" alt=\"\" class=\"wp-image-989\" srcset=\"https:\/\/i0.wp.com\/iag.org.gt\/simposio-iag-2022\/wp-content\/uploads\/2022\/12\/PONENTES-SIMPOSIO-1-2.png?w=940&amp;ssl=1 940w, https:\/\/i0.wp.com\/iag.org.gt\/simposio-iag-2022\/wp-content\/uploads\/2022\/12\/PONENTES-SIMPOSIO-1-2.png?resize=300%2C251&amp;ssl=1 300w, https:\/\/i0.wp.com\/iag.org.gt\/simposio-iag-2022\/wp-content\/uploads\/2022\/12\/PONENTES-SIMPOSIO-1-2.png?resize=768%2C644&amp;ssl=1 768w\" sizes=\"auto, (max-width: 660px) 100vw, 660px\" \/><\/figure>\n\n\n\n<h4 class=\"wp-block-heading\">MSc. Juan Niemann<\/h4>\n\n\n\n<div class=\"wp-block-coblocks-accordion\">\n<div class=\"wp-block-coblocks-accordion-item\"><details><summary class=\"wp-block-coblocks-accordion-item__title has-background has-secondary-background-color has-text-color has-primary-color\">Informaci\u00f3n del expositor<\/summary><div class=\"wp-block-coblocks-accordion-item__content\" style=\"border-color:rgb(255,180,0)\">\n<h3 class=\"has-small-font-size wp-block-heading\" style=\"font-style:normal;font-weight:400;font-size:40px\">Ingeniero Civil de la Universidad de Santiago de Chile M\u00e1ster en mec\u00e1nica de suelos e ingenier\u00eda de cimentaciones del Centro de Estudios y Experimentaci\u00f3n en Obras P\u00fablicas \u2013 CEDEX- en Espa\u00f1a.<\/h3>\n\n\n\n<h3 class=\"has-small-font-size wp-block-heading\" style=\"font-style:normal;font-weight:400;font-size:40px\">Ha participado en proyectos relacionados con la auscultaci\u00f3n de carreteras y en la evaluaci\u00f3n de estudios de proyectos de Infraestructura vial.<\/h3>\n\n\n\n<h3 class=\"has-small-font-size wp-block-heading\" style=\"font-style:normal;font-weight:400;font-size:40px\">Se desempe\u00f1\u00f3 por varios a\u00f1os como ingeniero de proyectos y visitaciones y estuvo en el \u00e1rea de Auscultaciones en el Laboratorio Nacional de Vialidad del Ministerio de Obras P\u00fablicas.<\/h3>\n\n\n\n<p><\/p>\n\n\n\n<h3 class=\"has-small-font-size wp-block-heading\" style=\"font-style:normal;font-weight:400;font-size:40px\">Actual Gerente de Negocios APSA<\/h3>\n<\/div><\/details><\/div>\n<\/div>\n<\/div>\n\n\n\n<div class=\"wp-block-column is-layout-flow wp-block-column-is-layout-flow\"><\/div>\n<\/div>\n\n\n\n<p><\/p>\n\n\n\n<div style=\"height:200px\" aria-hidden=\"true\" class=\"wp-block-spacer\"><\/div>\n<\/div>\n<\/div>\n<\/div><\/div>\n<\/div><\/div>\n<\/div>\n<\/div>\n<\/div>\n<\/div>\n<\/div><\/div>\n\n\n\n<div class=\"wp-block-group alignfull mb-0 mt-0\"><div class=\"wp-block-group__inner-container is-layout-flow wp-block-group-is-layout-flow\">\n<div class=\"wp-block-columns alignfull are-vertically-aligned-center is-layout-flex wp-container-core-columns-is-layout-9d6595d7 wp-block-columns-is-layout-flex\">\n<div class=\"wp-block-column is-vertically-aligned-center is-layout-flow wp-block-column-is-layout-flow\">\n<div class=\"wp-block-cover alignfull is-light has-parallax\" id=\"lugaryubicacion\"><span aria-hidden=\"true\" class=\"wp-block-cover__background has-background-dim-40 has-background-dim\"><\/span><div role=\"img\" class=\"wp-block-cover__image-background wp-image-337 has-parallax\" style=\"background-position:50% 50%;background-image:url(https:\/\/iag.org.gt\/simposio-iag-2022\/wp-content\/uploads\/2022\/09\/Ubicacion.jpg)\"><\/div><div class=\"wp-block-cover__inner-container is-layout-flow wp-block-cover-is-layout-flow\">\n<div class=\"wp-block-group alignfull mb-0 mt-0\"><div class=\"wp-block-group__inner-container is-layout-flow wp-block-group-is-layout-flow\">\n<div class=\"wp-block-columns alignfull is-layout-flex wp-container-core-columns-is-layout-9d6595d7 wp-block-columns-is-layout-flex\">\n<div class=\"wp-block-column is-layout-flow wp-block-column-is-layout-flow\" style=\"padding-top:0px;padding-right:0px;padding-bottom:0px;padding-left:0px;flex-basis:100%\">\n<div class=\"wp-block-columns alignfull is-layout-flex wp-container-core-columns-is-layout-f5e77106 wp-block-columns-is-layout-flex\" style=\"padding-top:0px;padding-right:0px;padding-bottom:0px;padding-left:0px\">\n<div class=\"wp-block-column is-layout-flow wp-block-column-is-layout-flow\">\n<div class=\"wp-block-group alignfull mb-0 mt-0\"><div class=\"wp-block-group__inner-container is-layout-flow wp-block-group-is-layout-flow\"><\/div><\/div>\n\n\n\n<div class=\"wp-block-columns is-layout-flex wp-container-core-columns-is-layout-9d6595d7 wp-block-columns-is-layout-flex\">\n<div class=\"wp-block-column is-layout-flow wp-block-column-is-layout-flow\" style=\"padding-top:10px;padding-right:10px;padding-bottom:10px;padding-left:10px\">\n<div style=\"height:50px\" aria-hidden=\"true\" class=\"wp-block-spacer\"><\/div>\n\n\n\n<div class=\"wp-block-columns is-layout-flex wp-container-core-columns-is-layout-9d6595d7 wp-block-columns-is-layout-flex\">\n<div class=\"wp-block-column is-vertically-aligned-center is-layout-flow wp-block-column-is-layout-flow\">\n<h2 class=\"has-text-align-center has-tertiary-color has-text-color wp-block-heading\">Ubicaci\u00f3n<\/h2>\n\n\n<div class=\"wp-block-image\">\n<figure class=\"aligncenter size-full\"><img data-recalc-dims=\"1\" loading=\"lazy\" decoding=\"async\" width=\"621\" height=\"480\" src=\"https:\/\/i0.wp.com\/iag.org.gt\/simposio-iag-2022\/wp-content\/uploads\/2022\/09\/EPICA-LOGO-b-1.png?resize=621%2C480&#038;ssl=1\" alt=\"\" class=\"wp-image-648\" srcset=\"https:\/\/i0.wp.com\/iag.org.gt\/simposio-iag-2022\/wp-content\/uploads\/2022\/09\/EPICA-LOGO-b-1.png?w=621&amp;ssl=1 621w, https:\/\/i0.wp.com\/iag.org.gt\/simposio-iag-2022\/wp-content\/uploads\/2022\/09\/EPICA-LOGO-b-1.png?resize=300%2C232&amp;ssl=1 300w\" sizes=\"auto, (max-width: 621px) 100vw, 621px\" \/><\/figure>\n<\/div>\n\n<div class=\"wp-block-image\">\n<figure class=\"aligncenter size-full\"><img data-recalc-dims=\"1\" loading=\"lazy\" decoding=\"async\" width=\"660\" height=\"660\" src=\"https:\/\/i0.wp.com\/iag.org.gt\/simposio-iag-2022\/wp-content\/uploads\/2022\/10\/2019-12-03-668761654-1.jpg?resize=660%2C660&#038;ssl=1\" alt=\"\" class=\"wp-image-843\" srcset=\"https:\/\/i0.wp.com\/iag.org.gt\/simposio-iag-2022\/wp-content\/uploads\/2022\/10\/2019-12-03-668761654-1.jpg?w=800&amp;ssl=1 800w, https:\/\/i0.wp.com\/iag.org.gt\/simposio-iag-2022\/wp-content\/uploads\/2022\/10\/2019-12-03-668761654-1.jpg?resize=300%2C300&amp;ssl=1 300w, https:\/\/i0.wp.com\/iag.org.gt\/simposio-iag-2022\/wp-content\/uploads\/2022\/10\/2019-12-03-668761654-1.jpg?resize=150%2C150&amp;ssl=1 150w, https:\/\/i0.wp.com\/iag.org.gt\/simposio-iag-2022\/wp-content\/uploads\/2022\/10\/2019-12-03-668761654-1.jpg?resize=768%2C768&amp;ssl=1 768w\" sizes=\"auto, (max-width: 660px) 100vw, 660px\" \/><\/figure>\n<\/div>\n\n\n<h5 class=\"has-text-align-center has-quaternary-color has-text-color wp-block-heading\">12 calle 2-25 zona 10<br>Guatemala, Guatemala.<\/h5>\n<\/div>\n<\/div>\n\n\n\n<div class=\"wp-block-columns is-layout-flex wp-container-core-columns-is-layout-9d6595d7 wp-block-columns-is-layout-flex\">\n<div class=\"wp-block-column is-vertically-aligned-center has-background is-layout-flow wp-block-column-is-layout-flow\" style=\"background-color:#00000063;padding-top:20px;padding-right:20px;padding-bottom:20px;padding-left:20px\">\n<div style=\"min-height:370px\" data-map-attr=\"\/qaddress\/q:\/q\u00c9pica Eventos y Convenciones 12 Calle 2-25, Cdad. de Guatemala\/q||\/qlat\/q:\/qundefined\/q||\/qlng\/q:\/qundefined\/q||\/qskin\/q:\/qstandard\/q||\/qzoom\/q:\/q17\/q||\/qiconSize\/q:\/q36\/q||\/qmapTypeControl\/q:\/qtrue\/q||\/qzoomControl\/q:\/qtrue\/q||\/qstreetViewControl\/q:\/qtrue\/q||\/qfullscreenControl\/q:\/qtrue\/q\" class=\"wp-block-coblocks-map alignfull mb-0 mt-0\"><iframe title=\"Google Map\" frameborder=\"0\" style=\"width:100%;min-height:370px\" src=\"https:\/\/www.google.com\/maps?q=%C3%89pica%20Eventos%20y%20Convenciones%2012%20Calle%202-25%2C%20Cdad.%20de%20Guatemala&amp;output=embed&amp;hl=es&amp;z=17\"><\/iframe><\/div>\n<\/div>\n<\/div>\n<\/div>\n<\/div>\n\n\n\n<div class=\"wp-block-columns is-layout-flex wp-container-core-columns-is-layout-5c379e11 wp-block-columns-is-layout-flex\" style=\"padding-top:0px;padding-bottom:80px\">\n<div class=\"wp-block-column has-background coblocks-animate is-layout-flow wp-block-column-is-layout-flow\" style=\"background-color:#00000063;padding-top:10px;padding-right:10px;padding-bottom:10px;padding-left:10px\" data-coblocks-animation=\"slideInLeft\">\n<h3 class=\"has-text-align-center has-quaternary-color has-text-color wp-block-heading\">Plano del Simposio<\/h3>\n\n\n<div class=\"wp-block-image\">\n<figure class=\"aligncenter size-large\"><img data-recalc-dims=\"1\" loading=\"lazy\" decoding=\"async\" width=\"660\" height=\"371\" src=\"https:\/\/i0.wp.com\/iag.org.gt\/simposio-iag-2022\/wp-content\/uploads\/2022\/11\/14.png?resize=660%2C371&#038;ssl=1\" alt=\"\" class=\"wp-image-977\" srcset=\"https:\/\/i0.wp.com\/iag.org.gt\/simposio-iag-2022\/wp-content\/uploads\/2022\/11\/14.png?resize=1024%2C576&amp;ssl=1 1024w, https:\/\/i0.wp.com\/iag.org.gt\/simposio-iag-2022\/wp-content\/uploads\/2022\/11\/14.png?resize=300%2C169&amp;ssl=1 300w, https:\/\/i0.wp.com\/iag.org.gt\/simposio-iag-2022\/wp-content\/uploads\/2022\/11\/14.png?resize=768%2C432&amp;ssl=1 768w, https:\/\/i0.wp.com\/iag.org.gt\/simposio-iag-2022\/wp-content\/uploads\/2022\/11\/14.png?resize=1536%2C864&amp;ssl=1 1536w, https:\/\/i0.wp.com\/iag.org.gt\/simposio-iag-2022\/wp-content\/uploads\/2022\/11\/14.png?w=1920&amp;ssl=1 1920w, https:\/\/i0.wp.com\/iag.org.gt\/simposio-iag-2022\/wp-content\/uploads\/2022\/11\/14.png?w=1320&amp;ssl=1 1320w\" sizes=\"auto, (max-width: 660px) 100vw, 660px\" \/><\/figure>\n<\/div><\/div>\n\n\n\n<div class=\"wp-block-column has-background coblocks-animate is-layout-flow wp-block-column-is-layout-flow\" style=\"background-color:#00000063;padding-top:10px;padding-right:10px;padding-bottom:10px;padding-left:10px\" data-coblocks-animation=\"slideInRight\">\n<h3 class=\"has-text-align-center has-quaternary-color has-text-color wp-block-heading\">Parqueo<\/h3>\n\n\n<div class=\"wp-block-image\">\n<figure class=\"aligncenter size-full is-resized\"><img data-recalc-dims=\"1\" loading=\"lazy\" decoding=\"async\" src=\"https:\/\/i0.wp.com\/iag.org.gt\/simposio-iag-2022\/wp-content\/uploads\/2022\/09\/parqueo.jpg?resize=500%2C382&#038;ssl=1\" alt=\"\" class=\"wp-image-215\" width=\"500\" height=\"382\" srcset=\"https:\/\/i0.wp.com\/iag.org.gt\/simposio-iag-2022\/wp-content\/uploads\/2022\/09\/parqueo.jpg?w=1000&amp;ssl=1 1000w, https:\/\/i0.wp.com\/iag.org.gt\/simposio-iag-2022\/wp-content\/uploads\/2022\/09\/parqueo.jpg?resize=300%2C229&amp;ssl=1 300w, https:\/\/i0.wp.com\/iag.org.gt\/simposio-iag-2022\/wp-content\/uploads\/2022\/09\/parqueo.jpg?resize=768%2C586&amp;ssl=1 768w\" sizes=\"auto, (max-width: 500px) 100vw, 500px\" \/><\/figure>\n<\/div>\n\n\n<p><\/p>\n<\/div>\n<\/div>\n\n\n\n<div style=\"height:50px\" aria-hidden=\"true\" class=\"wp-block-spacer\"><\/div>\n<\/div>\n<\/div>\n<\/div>\n<\/div>\n<\/div><\/div>\n<\/div><\/div>\n<\/div>\n<\/div>\n<\/div><\/div>\n\n\n\n<div class=\"wp-block-columns alignfull is-layout-flex wp-container-core-columns-is-layout-d3dac217 wp-block-columns-is-layout-flex\" style=\"padding-top:40px;padding-right:40px;padding-bottom:40px;padding-left:40px\">\n<div class=\"wp-block-column is-layout-flow wp-block-column-is-layout-flow\">\n<h5 class=\"has-secondary-color has-text-color wp-block-heading\" style=\"font-size:18px\"><strong>Instituto del Asfalto de Guatemala<\/strong><\/h5>\n\n\n<div class=\"wp-block-image\">\n<figure class=\"aligncenter size-full\"><img data-recalc-dims=\"1\" loading=\"lazy\" decoding=\"async\" width=\"214\" height=\"110\" src=\"https:\/\/i0.wp.com\/iag.org.gt\/simposio-iag-2022\/wp-content\/uploads\/2022\/09\/logo-IAG-2.png?resize=214%2C110&#038;ssl=1\" alt=\"\" class=\"wp-image-380\"\/><\/figure>\n<\/div>\n\n\n<p><\/p>\n\n\n\n<h6 class=\"has-tertiary-color has-text-color wp-block-heading\" style=\"font-size:16px;font-style:normal;font-weight:400\">Promover el uso del asfalto y derivados, por medio de la capacitaci\u00f3n, investigaci\u00f3n, promoci\u00f3n y normalizaci\u00f3n.<\/h6>\n<\/div>\n\n\n\n<div class=\"wp-block-column is-layout-flow wp-block-column-is-layout-flow\">\n<h5 class=\"has-secondary-color has-text-color wp-block-heading\" style=\"font-size:18px\"><strong>Contacto<\/strong><\/h5>\n\n\n\n<h6 class=\"has-quaternary-color has-text-color wp-block-heading\" style=\"font-size:16px;font-style:normal;font-weight:400\">10 Avenida 35-01 zona 16. <br>Paseo Cayala, Edificio B nivel 3 Oficina 301 G. Ciudad Guatemala 01016<\/h6>\n\n\n\n<h6 class=\"has-quaternary-color has-text-color wp-block-heading\" style=\"font-size:16px;font-style:normal;font-weight:400\">info@iag.org.gt<\/h6>\n\n\n\n<h6 class=\"has-quaternary-color has-text-color wp-block-heading\" style=\"font-size:16px;font-style:normal;font-weight:400\">(502) 2428 7809<\/h6>\n\n\n\n<h6 class=\"has-quaternary-color has-text-color wp-block-heading\" style=\"font-size:16px;font-style:normal;font-weight:400\">(502) 3039 1476<\/h6>\n\n\n\n<p><\/p>\n\n\n\n<p><\/p>\n<\/div>\n\n\n\n<div class=\"wp-block-column is-layout-flow wp-block-column-is-layout-flow\">\n<h5 class=\"has-secondary-color has-text-color wp-block-heading\" style=\"font-size:18px\"><strong>S\u00edguenos<\/strong><\/h5>\n\n\n\n<ul class=\"wp-block-social-links alignleft has-icon-color is-style-logos-only is-horizontal is-content-justification-left is-nowrap is-layout-flex wp-container-core-social-links-is-layout-8e8a235c wp-block-social-links-is-layout-flex\"><li style=\"color:rgb(255,180,0);\" class=\"wp-social-link wp-social-link-facebook has-secondary-color wp-block-social-link\"><a rel=\"noopener nofollow\" target=\"_blank\" href=\"https:\/\/www.facebook.com\/IAG.Guatemala\" class=\"wp-block-social-link-anchor\"><svg width=\"24\" height=\"24\" viewBox=\"0 0 24 24\" version=\"1.1\" xmlns=\"http:\/\/www.w3.org\/2000\/svg\" aria-hidden=\"true\" focusable=\"false\"><path d=\"M12 2C6.5 2 2 6.5 2 12c0 5 3.7 9.1 8.4 9.9v-7H7.9V12h2.5V9.8c0-2.5 1.5-3.9 3.8-3.9 1.1 0 2.2.2 2.2.2v2.5h-1.3c-1.2 0-1.6.8-1.6 1.6V12h2.8l-.4 2.9h-2.3v7C18.3 21.1 22 17 22 12c0-5.5-4.5-10-10-10z\"><\/path><\/svg><span class=\"wp-block-social-link-label screen-reader-text\">IAG.Guatemala<\/span><\/a><\/li>\n\n<li style=\"color:rgb(255,180,0);\" class=\"wp-social-link wp-social-link-twitter has-secondary-color wp-block-social-link\"><a rel=\"noopener nofollow\" target=\"_blank\" href=\"https:\/\/twitter.com\/IAG_Guatemala\" class=\"wp-block-social-link-anchor\"><svg width=\"24\" height=\"24\" viewBox=\"0 0 24 24\" version=\"1.1\" xmlns=\"http:\/\/www.w3.org\/2000\/svg\" aria-hidden=\"true\" focusable=\"false\"><path d=\"M22.23,5.924c-0.736,0.326-1.527,0.547-2.357,0.646c0.847-0.508,1.498-1.312,1.804-2.27 c-0.793,0.47-1.671,0.812-2.606,0.996C18.324,4.498,17.257,4,16.077,4c-2.266,0-4.103,1.837-4.103,4.103 c0,0.322,0.036,0.635,0.106,0.935C8.67,8.867,5.647,7.234,3.623,4.751C3.27,5.357,3.067,6.062,3.067,6.814 c0,1.424,0.724,2.679,1.825,3.415c-0.673-0.021-1.305-0.206-1.859-0.513c0,0.017,0,0.034,0,0.052c0,1.988,1.414,3.647,3.292,4.023 c-0.344,0.094-0.707,0.144-1.081,0.144c-0.264,0-0.521-0.026-0.772-0.074c0.522,1.63,2.038,2.816,3.833,2.85 c-1.404,1.1-3.174,1.756-5.096,1.756c-0.331,0-0.658-0.019-0.979-0.057c1.816,1.164,3.973,1.843,6.29,1.843 c7.547,0,11.675-6.252,11.675-11.675c0-0.178-0.004-0.355-0.012-0.531C20.985,7.47,21.68,6.747,22.23,5.924z\"><\/path><\/svg><span class=\"wp-block-social-link-label screen-reader-text\">lAG_Guatemala<\/span><\/a><\/li>\n\n<li style=\"color:rgb(255,180,0);\" class=\"wp-social-link wp-social-link-instagram has-secondary-color wp-block-social-link\"><a rel=\"noopener nofollow\" target=\"_blank\" href=\"https:\/\/www.instagram.com\/iag.guatemala\" class=\"wp-block-social-link-anchor\"><svg width=\"24\" height=\"24\" viewBox=\"0 0 24 24\" version=\"1.1\" xmlns=\"http:\/\/www.w3.org\/2000\/svg\" aria-hidden=\"true\" focusable=\"false\"><path d=\"M12,4.622c2.403,0,2.688,0.009,3.637,0.052c0.877,0.04,1.354,0.187,1.671,0.31c0.42,0.163,0.72,0.358,1.035,0.673 c0.315,0.315,0.51,0.615,0.673,1.035c0.123,0.317,0.27,0.794,0.31,1.671c0.043,0.949,0.052,1.234,0.052,3.637 s-0.009,2.688-0.052,3.637c-0.04,0.877-0.187,1.354-0.31,1.671c-0.163,0.42-0.358,0.72-0.673,1.035 c-0.315,0.315-0.615,0.51-1.035,0.673c-0.317,0.123-0.794,0.27-1.671,0.31c-0.949,0.043-1.233,0.052-3.637,0.052 s-2.688-0.009-3.637-0.052c-0.877-0.04-1.354-0.187-1.671-0.31c-0.42-0.163-0.72-0.358-1.035-0.673 c-0.315-0.315-0.51-0.615-0.673-1.035c-0.123-0.317-0.27-0.794-0.31-1.671C4.631,14.688,4.622,14.403,4.622,12 s0.009-2.688,0.052-3.637c0.04-0.877,0.187-1.354,0.31-1.671c0.163-0.42,0.358-0.72,0.673-1.035 c0.315-0.315,0.615-0.51,1.035-0.673c0.317-0.123,0.794-0.27,1.671-0.31C9.312,4.631,9.597,4.622,12,4.622 M12,3 C9.556,3,9.249,3.01,8.289,3.054C7.331,3.098,6.677,3.25,6.105,3.472C5.513,3.702,5.011,4.01,4.511,4.511 c-0.5,0.5-0.808,1.002-1.038,1.594C3.25,6.677,3.098,7.331,3.054,8.289C3.01,9.249,3,9.556,3,12c0,2.444,0.01,2.751,0.054,3.711 c0.044,0.958,0.196,1.612,0.418,2.185c0.23,0.592,0.538,1.094,1.038,1.594c0.5,0.5,1.002,0.808,1.594,1.038 c0.572,0.222,1.227,0.375,2.185,0.418C9.249,20.99,9.556,21,12,21s2.751-0.01,3.711-0.054c0.958-0.044,1.612-0.196,2.185-0.418 c0.592-0.23,1.094-0.538,1.594-1.038c0.5-0.5,0.808-1.002,1.038-1.594c0.222-0.572,0.375-1.227,0.418-2.185 C20.99,14.751,21,14.444,21,12s-0.01-2.751-0.054-3.711c-0.044-0.958-0.196-1.612-0.418-2.185c-0.23-0.592-0.538-1.094-1.038-1.594 c-0.5-0.5-1.002-0.808-1.594-1.038c-0.572-0.222-1.227-0.375-2.185-0.418C14.751,3.01,14.444,3,12,3L12,3z M12,7.378 c-2.552,0-4.622,2.069-4.622,4.622S9.448,16.622,12,16.622s4.622-2.069,4.622-4.622S14.552,7.378,12,7.378z M12,15 c-1.657,0-3-1.343-3-3s1.343-3,3-3s3,1.343,3,3S13.657,15,12,15z M16.804,6.116c-0.596,0-1.08,0.484-1.08,1.08 s0.484,1.08,1.08,1.08c0.596,0,1.08-0.484,1.08-1.08S17.401,6.116,16.804,6.116z\"><\/path><\/svg><span class=\"wp-block-social-link-label screen-reader-text\">IAG.Guatemala<\/span><\/a><\/li>\n\n<li style=\"color:rgb(255,180,0);\" class=\"wp-social-link wp-social-link-linkedin has-secondary-color wp-block-social-link\"><a rel=\"noopener nofollow\" target=\"_blank\" href=\"https:\/\/www.linkedin.com\/company\/instituto-del-asfalto-de-guatemala\/\" class=\"wp-block-social-link-anchor\"><svg width=\"24\" height=\"24\" viewBox=\"0 0 24 24\" version=\"1.1\" xmlns=\"http:\/\/www.w3.org\/2000\/svg\" aria-hidden=\"true\" focusable=\"false\"><path d=\"M19.7,3H4.3C3.582,3,3,3.582,3,4.3v15.4C3,20.418,3.582,21,4.3,21h15.4c0.718,0,1.3-0.582,1.3-1.3V4.3 C21,3.582,20.418,3,19.7,3z M8.339,18.338H5.667v-8.59h2.672V18.338z M7.004,8.574c-0.857,0-1.549-0.694-1.549-1.548 c0-0.855,0.691-1.548,1.549-1.548c0.854,0,1.547,0.694,1.547,1.548C8.551,7.881,7.858,8.574,7.004,8.574z M18.339,18.338h-2.669 v-4.177c0-0.996-0.017-2.278-1.387-2.278c-1.389,0-1.601,1.086-1.601,2.206v4.249h-2.667v-8.59h2.559v1.174h0.037 c0.356-0.675,1.227-1.387,2.526-1.387c2.703,0,3.203,1.779,3.203,4.092V18.338z\"><\/path><\/svg><span class=\"wp-block-social-link-label screen-reader-text\">IAG Guatemala<\/span><\/a><\/li><\/ul>\n<\/div>\n<\/div>\n\n\n\n<div class=\"wp-block-columns is-layout-flex wp-container-core-columns-is-layout-9d6595d7 wp-block-columns-is-layout-flex\"><\/div>\n\n\n\n<div class=\"wp-block-columns is-layout-flex wp-container-core-columns-is-layout-9d6595d7 wp-block-columns-is-layout-flex\"><\/div>\n\n\n\n<div class=\"wp-block-columns is-layout-flex wp-container-core-columns-is-layout-9d6595d7 wp-block-columns-is-layout-flex\"><\/div>\n","protected":false},"excerpt":{"rendered":"<p>Instituto del Asfalto de Guatemala Promover el uso del asfalto y derivados, por medio de la capacitaci\u00f3n, investigaci\u00f3n, promoci\u00f3n y normalizaci\u00f3n. Contacto 10 Avenida 35-01 zona 16. Paseo Cayala, Edificio B nivel 3 Oficina 301 G. Ciudad Guatemala 01016 info@iag.org.gt (502) 2428 7809 (502) 3039 1476 S\u00edguenos<\/p>\n","protected":false},"author":1,"featured_media":0,"parent":0,"menu_order":0,"comment_status":"closed","ping_status":"closed","template":"","meta":{"hide_page_title":"enabled","_coblocks_attr":"ArialHelvetica,Times New Roman,Georgia,Abril Fatface,Arvo,Asap Condensed,Barlow,Cormorant Garamond,Faustina,,Arial","_coblocks_dimensions":"{\"coblocks-hero-82217844328\":{\"padding\":{\"paddingBottom\":\"0px\",\"paddingBottomMobile\":null,\"paddingBottomTablet\":\"0px\",\"paddingLeft\":\"0px\",\"paddingLeftMobile\":null,\"paddingLeftTablet\":\"0px\",\"paddingRight\":\"0px\",\"paddingRightMobile\":null,\"paddingRightTablet\":\"0px\",\"paddingTop\":\"0px\",\"paddingTopMobile\":null,\"paddingTopTablet\":\"0px\"}},\"coblocks-features-827234651241\":{\"padding\":{}}}","_coblocks_responsive_height":"{\"coblocks-hero-82217844328\":{\"height\":{\"height\":600,\"heightTablet\":400}}}","_coblocks_accordion_ie_support":"","footnotes":""},"class_list":["post-91","page","type-page","status-publish","hentry"],"jetpack_sharing_enabled":true,"_links":{"self":[{"href":"https:\/\/iag.org.gt\/simposio-iag-2022\/wp-json\/wp\/v2\/pages\/91","targetHints":{"allow":["GET"]}}],"collection":[{"href":"https:\/\/iag.org.gt\/simposio-iag-2022\/wp-json\/wp\/v2\/pages"}],"about":[{"href":"https:\/\/iag.org.gt\/simposio-iag-2022\/wp-json\/wp\/v2\/types\/page"}],"author":[{"embeddable":true,"href":"https:\/\/iag.org.gt\/simposio-iag-2022\/wp-json\/wp\/v2\/users\/1"}],"replies":[{"embeddable":true,"href":"https:\/\/iag.org.gt\/simposio-iag-2022\/wp-json\/wp\/v2\/comments?post=91"}],"version-history":[{"count":428,"href":"https:\/\/iag.org.gt\/simposio-iag-2022\/wp-json\/wp\/v2\/pages\/91\/revisions"}],"predecessor-version":[{"id":990,"href":"https:\/\/iag.org.gt\/simposio-iag-2022\/wp-json\/wp\/v2\/pages\/91\/revisions\/990"}],"wp:attachment":[{"href":"https:\/\/iag.org.gt\/simposio-iag-2022\/wp-json\/wp\/v2\/media?parent=91"}],"curies":[{"name":"wp","href":"https:\/\/api.w.org\/{rel}","templated":true}]}}